{"id":2681,"date":"2025-02-09T07:31:40","date_gmt":"2025-02-09T06:31:40","guid":{"rendered":"https:\/\/zoodelpirineu.com\/empreses\/"},"modified":"2025-04-23T16:10:17","modified_gmt":"2025-04-23T15:10:17","slug":"empreses","status":"publish","type":"page","link":"https:\/\/zoodelpirineu.com\/ca\/donacio\/empreses\/","title":{"rendered":"Empreses"},"content":{"rendered":"\n<div class=\"wp-block-cover\"><img loading=\"lazy\" decoding=\"async\" width=\"2000\" height=\"800\" class=\"wp-block-cover__image-background wp-image-4039\" alt=\"\" src=\"https:\/\/zoodelpirineu.com\/wp-content\/uploads\/2025\/04\/educacionambiental.jpg\" data-object-fit=\"cover\" srcset=\"https:\/\/zoodelpirineu.com\/wp-content\/uploads\/2025\/04\/educacionambiental.jpg 2000w, https:\/\/zoodelpirineu.com\/wp-content\/uploads\/2025\/04\/educacionambiental-300x120.jpg 300w, https:\/\/zoodelpirineu.com\/wp-content\/uploads\/2025\/04\/educacionambiental-1024x410.jpg 1024w, https:\/\/zoodelpirineu.com\/wp-content\/uploads\/2025\/04\/educacionambiental-768x307.jpg 768w, https:\/\/zoodelpirineu.com\/wp-content\/uploads\/2025\/04\/educacionambiental-1536x614.jpg 1536w\" sizes=\"auto, (max-width: 2000px) 100vw, 2000px\" \/><span aria-hidden=\"true\" class=\"wp-block-cover__background has-contrast-background-color has-background-dim\"><\/span><div class=\"wp-block-cover__inner-container is-layout-constrained wp-block-cover-is-layout-constrained\">\n<div style=\"height:80px\" aria-hidden=\"true\" class=\"wp-block-spacer\"><\/div>\n\n\n\n<p class=\"has-text-align-center has-large-font-size\">Oportunitat estrat\u00e8gica per a la teva empresa<\/p>\n\n\n\n<p class=\"has-text-align-center has-medium-font-size\">Associa la teva empresa a un projecte real de protecci\u00f3 de la naturalesa del nostre pa\u00eds. <\/p>\n\n\n\n<p class=\"has-text-align-center has-medium-font-size\">Guanya visibilitat, reputaci\u00f3 i avantatges fiscals des del primer dia.<\/p>\n\n\n\n<div style=\"height:20px\" aria-hidden=\"true\" class=\"wp-block-spacer\"><\/div>\n\n\n\n<div class=\"wp-block-buttons is-content-justification-center is-layout-flex wp-container-core-buttons-is-layout-16018d1d wp-block-buttons-is-layout-flex\">\n<div class=\"wp-block-button\"><a class=\"wp-block-button__link has-medium-font-size has-custom-font-size wp-element-button\" href=\"https:\/\/zoodelpirineu.com\/ca\/donacio\/empreses\/formulari-de-donacions-per-a-empreses\/\" style=\"border-radius:0px\">Vull col\u00b7laborar com a empresa<\/a><\/div>\n<\/div>\n\n\n\n<div style=\"height:60px\" aria-hidden=\"true\" class=\"wp-block-spacer\"><\/div>\n<\/div><\/div>\n\n<div style=\"height:100px\" aria-hidden=\"true\" class=\"wp-block-spacer\"><\/div>\n\n<h2 class=\"wp-block-heading has-text-align-center\">Qu\u00e8 guanya la teva empresa en col\u00b7laborar?<\/h2>\n\n<p class=\"has-text-align-center\">La teva col\u00b7laboraci\u00f3 impulsa resultats visibles en \u00e0rees clau de la teva estrat\u00e8gia empresarial:<\/p>\n\n<div class=\"wp-block-columns is-layout-flex wp-container-core-columns-is-layout-9d6595d7 wp-block-columns-is-layout-flex\">\n<div class=\"wp-block-column is-layout-flow wp-block-column-is-layout-flow\"><div class=\"wp-block-image\">\n<figure class=\"aligncenter size-full is-resized\"><img loading=\"lazy\" decoding=\"async\" width=\"320\" height=\"213\" src=\"https:\/\/zoodelpirineu.com\/wp-content\/uploads\/2025\/02\/Desgravacion-fiscal-picto.png\" alt=\"La teva empresa pot desgravar la donaci&#xF3; dels impostos\" class=\"wp-image-2449\" style=\"width:auto;height:100px\" srcset=\"https:\/\/zoodelpirineu.com\/wp-content\/uploads\/2025\/02\/Desgravacion-fiscal-picto.png 320w, https:\/\/zoodelpirineu.com\/wp-content\/uploads\/2025\/02\/Desgravacion-fiscal-picto-300x200.png 300w\" sizes=\"auto, (max-width: 320px) 100vw, 320px\" \/><\/figure>\n<\/div>\n\n\n<h3 class=\"wp-block-heading has-text-align-center\"><a href=\"https:\/\/zoodelpirineu.com\/ca\/donacio\/empreses\/desgravar-l-impost-de-societats\/\" title=\"Avantatges fiscals\">Avantatges fiscals<\/a><\/h3>\n\n\n\n<p class=\"has-text-align-center\">Recupera fins al 50% de la teva aportaci\u00f3 com a deducci\u00f3 a l&#8217;Impost de Societats.<\/p>\n\n\n\n<div class=\"wp-block-buttons is-layout-flex wp-block-buttons-is-layout-flex\">\n<div class=\"wp-block-button has-custom-width wp-block-button__width-100\"><a class=\"wp-block-button__link wp-element-button\" href=\"https:\/\/zoodelpirineu.com\/ca\/empreses\/desgravar-l-impost-de-societats\/\" style=\"border-radius:0px\">Informaci\u00f3 completa<\/a><\/div>\n<\/div>\n<\/div>\n\n\n\n<div class=\"wp-block-column is-layout-flow wp-block-column-is-layout-flow\"><div class=\"wp-block-image\">\n<figure class=\"aligncenter size-full is-resized\"><img loading=\"lazy\" decoding=\"async\" width=\"320\" height=\"213\" src=\"https:\/\/zoodelpirineu.com\/wp-content\/uploads\/2025\/02\/Imagen-de-marca-picto.png\" alt=\"Millora imatge de la teva empresa\" class=\"wp-image-2446\" style=\"width:auto;height:100px\" srcset=\"https:\/\/zoodelpirineu.com\/wp-content\/uploads\/2025\/02\/Imagen-de-marca-picto.png 320w, https:\/\/zoodelpirineu.com\/wp-content\/uploads\/2025\/02\/Imagen-de-marca-picto-300x200.png 300w\" sizes=\"auto, (max-width: 320px) 100vw, 320px\" \/><\/figure>\n<\/div>\n\n\n<h3 class=\"wp-block-heading has-text-align-center\">Reputaci\u00f3 de Marca<\/h3>\n\n\n\n<p class=\"has-text-align-center\">Associa&#8217;t a una causa que refor\u00e7a la imatge de la teva empresa davant de clients, treballadors i partners.<\/p>\n<\/div>\n\n\n\n<div class=\"wp-block-column is-layout-flow wp-block-column-is-layout-flow\"><div class=\"wp-block-image\">\n<figure class=\"aligncenter size-full is-resized\"><img loading=\"lazy\" decoding=\"async\" width=\"320\" height=\"213\" src=\"https:\/\/zoodelpirineu.com\/wp-content\/uploads\/2025\/02\/RSC-picto.png\" alt=\"RSC de la teva empresa \" class=\"wp-image-2443\" style=\"width:auto;height:100px\" srcset=\"https:\/\/zoodelpirineu.com\/wp-content\/uploads\/2025\/02\/RSC-picto.png 320w, https:\/\/zoodelpirineu.com\/wp-content\/uploads\/2025\/02\/RSC-picto-300x200.png 300w\" sizes=\"auto, (max-width: 320px) 100vw, 320px\" \/><\/figure>\n<\/div>\n\n\n<h3 class=\"wp-block-heading has-text-align-center\"><a href=\"https:\/\/zoodelpirineu.com\/empresas\/proyectos-de-rsc\/\" title=\"Projectes de RSC\">Sostenibilitat visible<\/a><\/h3>\n\n\n\n<p class=\"has-text-align-center\">Transforma el teu comprom\u00eds mediambiental en fets que es veuen i viuen.<\/p>\n<\/div>\n\n\n\n<div class=\"wp-block-column is-layout-flow wp-block-column-is-layout-flow\"><div class=\"wp-block-image\">\n<figure class=\"aligncenter size-full is-resized\"><img loading=\"lazy\" decoding=\"async\" width=\"320\" height=\"213\" src=\"https:\/\/zoodelpirineu.com\/wp-content\/uploads\/2025\/02\/Team-building-picto.png\" alt=\"Equip de la teva empresa s'unir&#xE0;.\" class=\"wp-image-2452\" style=\"width:auto;height:100px\" srcset=\"https:\/\/zoodelpirineu.com\/wp-content\/uploads\/2025\/02\/Team-building-picto.png 320w, https:\/\/zoodelpirineu.com\/wp-content\/uploads\/2025\/02\/Team-building-picto-300x200.png 300w\" sizes=\"auto, (max-width: 320px) 100vw, 320px\" \/><\/figure>\n<\/div>\n\n\n<h3 class=\"wp-block-heading has-text-align-center\">Impacte en el teu equip<\/h3>\n\n\n\n<p class=\"has-text-align-center\">Feu que el teu equip es senti part d&#8217;una causa que inspira, uneix i es viu en primera persona.<\/p>\n<\/div>\n<\/div>\n\n<div style=\"height:100px\" aria-hidden=\"true\" class=\"wp-block-spacer\"><\/div>\n\n<h3 class=\"wp-block-heading has-text-align-center\">Uneix-te a les empreses que ja estan marcant la difer\u00e8ncia.<\/h3>\n\n<p class=\"has-text-align-center\">M\u00e9s de 10 anys generant impacte real juntament amb empreses compromeses<\/p>\n\n<div class=\"wp-block-columns has-base-background-color has-background is-layout-flex wp-container-core-columns-is-layout-9d6595d7 wp-block-columns-is-layout-flex\">\n<div class=\"wp-block-column is-layout-flow wp-block-column-is-layout-flow\"><div class=\"wp-block-image\">\n<figure class=\"aligncenter size-full\"><a href=\"https:\/\/www.plusfresc.cat\/compromis-plusfresc\/\" target=\"_blank\" rel=\" noreferrer noopener\"><img loading=\"lazy\" decoding=\"async\" width=\"200\" height=\"70\" src=\"https:\/\/zoodelpirineu.com\/wp-content\/uploads\/2025\/02\/Plusfresc-logo.jpg\" alt=\"\" class=\"wp-image-2405\"\/><\/a><\/figure>\n<\/div><\/div>\n\n\n\n<div class=\"wp-block-column is-layout-flow wp-block-column-is-layout-flow\"><div class=\"wp-block-image\">\n<figure class=\"aligncenter size-full\"><a href=\"https:\/\/fatroiberica.es\/colaboramos-con-tu-solidaridad\/\" target=\"_blank\" rel=\" noreferrer noopener\"><img loading=\"lazy\" decoding=\"async\" width=\"200\" height=\"70\" src=\"https:\/\/zoodelpirineu.com\/wp-content\/uploads\/2025\/02\/Fatro-Logo.jpg\" alt=\"\" class=\"wp-image-2408\"\/><\/a><\/figure>\n<\/div><\/div>\n\n\n\n<div class=\"wp-block-column is-layout-flow wp-block-column-is-layout-flow\"><div class=\"wp-block-image\">\n<figure class=\"aligncenter size-full\"><a href=\"https:\/\/empresite.eleconomista.es\/OBRES-SERVEIS-CANALDA.html\" target=\"_blank\" rel=\" noreferrer noopener\"><img loading=\"lazy\" decoding=\"async\" width=\"200\" height=\"70\" src=\"https:\/\/zoodelpirineu.com\/wp-content\/uploads\/2025\/02\/Obres-i-serveis-Canalda-Logo.jpg\" alt=\"\" class=\"wp-image-2414\"\/><\/a><\/figure>\n<\/div><\/div>\n\n\n\n<div class=\"wp-block-column is-layout-flow wp-block-column-is-layout-flow\"><div class=\"wp-block-image\">\n<figure class=\"aligncenter size-full\"><a href=\"https:\/\/www.purina.com\/es\" target=\"_blank\" rel=\" noreferrer noopener\"><img loading=\"lazy\" decoding=\"async\" width=\"200\" height=\"70\" src=\"https:\/\/zoodelpirineu.com\/wp-content\/uploads\/2025\/02\/Purina-Logo.jpg\" alt=\"\" class=\"wp-image-2417\"\/><\/a><\/figure>\n<\/div><\/div>\n\n\n\n<div class=\"wp-block-column is-layout-flow wp-block-column-is-layout-flow\"><div class=\"wp-block-image\">\n<figure class=\"aligncenter size-full\"><a href=\"https:\/\/bioavian.com\/es\/\" target=\"_blank\" rel=\" noreferrer noopener\"><img loading=\"lazy\" decoding=\"async\" width=\"200\" height=\"70\" src=\"https:\/\/zoodelpirineu.com\/wp-content\/uploads\/2025\/02\/BioAvian-Logo.jpg\" alt=\"\" class=\"wp-image-2420\"\/><\/a><\/figure>\n<\/div><\/div>\n\n\n\n<div class=\"wp-block-column is-layout-flow wp-block-column-is-layout-flow\"><div class=\"wp-block-image\">\n<figure class=\"aligncenter size-full\"><a href=\"https:\/\/www.masoliver.com\/quienes-somos\/\" target=\"_blank\" rel=\" noreferrer noopener\"><img loading=\"lazy\" decoding=\"async\" width=\"200\" height=\"70\" src=\"https:\/\/zoodelpirineu.com\/wp-content\/uploads\/2025\/02\/Mas-Oliver-Logo.jpg\" alt=\"\" class=\"wp-image-2430\"\/><\/a><\/figure>\n<\/div><\/div>\n\n\n\n<div class=\"wp-block-column is-layout-flow wp-block-column-is-layout-flow\"><div class=\"wp-block-image\">\n<figure class=\"aligncenter size-full\"><a href=\"https:\/\/collbaix.com\/\" target=\"_blank\" rel=\" noreferrer noopener\"><img loading=\"lazy\" decoding=\"async\" width=\"369\" height=\"136\" src=\"https:\/\/zoodelpirineu.com\/wp-content\/uploads\/2025\/02\/Collbaix-Logo.png\" alt=\"\" class=\"wp-image-2411\" srcset=\"https:\/\/zoodelpirineu.com\/wp-content\/uploads\/2025\/02\/Collbaix-Logo.png 369w, https:\/\/zoodelpirineu.com\/wp-content\/uploads\/2025\/02\/Collbaix-Logo-300x111.png 300w\" sizes=\"auto, (max-width: 369px) 100vw, 369px\" \/><\/a><\/figure>\n<\/div><\/div>\n<\/div>\n\n<div class=\"wp-block-buttons is-content-justification-center is-layout-flex wp-container-core-buttons-is-layout-16018d1d wp-block-buttons-is-layout-flex\">\n<div class=\"wp-block-button\"><a class=\"wp-block-button__link has-medium-font-size has-custom-font-size wp-element-button\" href=\"https:\/\/zoodelpirineu.com\/ca\/donacio\/empreses\/formulari-de-donacions-per-a-empreses\/\" style=\"border-radius:0px\">Vull impulsar l&#8217;impacte de la meva empresa<\/a><\/div>\n<\/div>\n\n<div style=\"height:100px\" aria-hidden=\"true\" id=\"nivel-de-compromiso\" class=\"wp-block-spacer\"><\/div>\n\n<h2 class=\"wp-block-heading has-text-align-center\">Com col\u00b7laborar com a empresa?<\/h2>\n\n<p class=\"has-text-align-center\">Tria el nivell de comprom\u00eds que millor encaixa amb la visi\u00f3 i els recursos de la teva empresa.<\/p>\n\n<div class=\"wp-block-columns is-layout-flex wp-container-core-columns-is-layout-9d6595d7 wp-block-columns-is-layout-flex\">\n<div class=\"wp-block-column has-base-2-background-color has-background is-layout-flow wp-block-column-is-layout-flow\">\n<div class=\"wp-block-columns is-layout-flex wp-container-core-columns-is-layout-9d6595d7 wp-block-columns-is-layout-flex\">\n<div class=\"wp-block-column is-layout-flow wp-block-column-is-layout-flow\" style=\"flex-basis:5%\"><\/div>\n\n\n\n<div class=\"wp-block-column is-layout-flow wp-block-column-is-layout-flow\">\n<div style=\"height:40px\" aria-hidden=\"true\" class=\"wp-block-spacer\"><\/div>\n\n\n\n<h3 class=\"wp-block-heading has-text-align-left\">Defensor<\/h3>\n\n\n\n<p class=\"has-text-align-left\"><em>1.200\u20ac\/any<\/em><\/p>\n\n\n\n<p class=\"has-text-align-left\">Dona el primer pas cap a una empresa m\u00e9s compromesa amb la natura.<\/p>\n\n\n\n<p><strong>Inclou:<\/strong><\/p>\n\n\n\n<ul class=\"wp-block-list\">\n<li>\u2705 <strong>Certificat fiscal dedu\u00efble (fins al 50%)<br\/><\/strong>Recupera part de la teva aportaci\u00f3 amb beneficis fiscals directes.<\/li>\n\n\n\n<li>\u2705 <strong>Logotip de la teva empresa a la web oficial del Zoo<br\/><\/strong>Refor\u00e7a la teva credibilitat amb una pres\u00e8ncia institucional visible.<\/li>\n\n\n\n<li>\u2705 <strong>Butllet\u00ed mensual amb hist\u00f2ries reals per compartir amb el teu equip<br\/><\/strong>Inspira des de dins: connecta valors, prop\u00f2sit i motivaci\u00f3.<\/li>\n\n\n\n<li>\u2705 <strong>Visita guiada exclusiva per al teu equip directiu o per a un client clau<br\/><\/strong>Una experi\u00e8ncia memorable que refor\u00e7a relacions estrat\u00e8giques.<\/li>\n\n\n\n<li>\u2705 <strong>Agra\u00efment p\u00fablic a les xarxes socials del Zoo<br\/><\/strong>Reconeixement visible i alineat amb el teu comprom\u00eds social.<\/li>\n<\/ul>\n<\/div>\n\n\n\n<div class=\"wp-block-column is-layout-flow wp-block-column-is-layout-flow\" style=\"flex-basis:5%\"><\/div>\n<\/div>\n<\/div>\n\n\n\n<div class=\"wp-block-column has-base-2-background-color has-background is-layout-flow wp-block-column-is-layout-flow\">\n<div class=\"wp-block-columns is-layout-flex wp-container-core-columns-is-layout-9d6595d7 wp-block-columns-is-layout-flex\">\n<div class=\"wp-block-column is-layout-flow wp-block-column-is-layout-flow\" style=\"flex-basis:5%\"><\/div>\n\n\n\n<div class=\"wp-block-column is-layout-flow wp-block-column-is-layout-flow\">\n<div style=\"height:40px\" aria-hidden=\"true\" class=\"wp-block-spacer\"><\/div>\n\n\n\n<h3 class=\"wp-block-heading has-text-align-left\">Protector<\/h3>\n\n\n\n<p class=\"has-text-align-left\"><em><em>2.500\u20ac\/any<\/em><\/em><\/p>\n\n\n\n<p class=\"has-text-align-left\">Aqu\u00ed comen\u00e7a el canvi visible. Implica el teu equip i consolida el teu posicionament en un projecte que impacta cada any m\u00e9s de 18.000 persones.<\/p>\n\n\n\n<p><strong>Inclou tot l&#8217;anterior, m\u00e9s:<\/strong><\/p>\n\n\n\n<ul class=\"wp-block-list\">\n<li>\u2705 <strong>Activitat exclusiva de team building pel teu equip<br\/><\/strong>Refor\u00e7a la cultura interna amb una experi\u00e8ncia transformadora que uneix, inspira i motiva.<\/li>\n\n\n\n<li>\u2705 <strong>Informe anual d&#8217;impacte personalitzat<br\/><\/strong>Mesura i comunica els resultats concrets de la teva col\u00b7laboraci\u00f3. \u00datil per a RSC, m\u00e0rqueting i comunicaci\u00f3 interna. <\/li>\n\n\n\n<li>\u2705 <strong>Segell oficial per mostrar el comprom\u00eds de la teva empresa amb la protecci\u00f3 de la natura<br\/><\/strong>Fes-lo servir a la teva web, xarxes, presentacions o materials corporatius per visibilitzar el teu lideratge responsable.<\/li>\n\n\n\n<li>\u2705 <strong>Placa f\u00edsica al Zoo del Pirineu<br\/><\/strong>La teva empresa ser\u00e0 present en un espai que rep m\u00e9s de 18.000 visitants a l&#8217;any. Visibilitat real en un entorn alineat amb la sostenibilitat i l&#8217;educaci\u00f3. <\/li>\n<\/ul>\n<\/div>\n\n\n\n<div class=\"wp-block-column is-layout-flow wp-block-column-is-layout-flow\" style=\"flex-basis:5%\"><\/div>\n<\/div>\n<\/div>\n<\/div>\n\n<div class=\"wp-block-columns is-layout-flex wp-container-core-columns-is-layout-9d6595d7 wp-block-columns-is-layout-flex\">\n<div class=\"wp-block-column has-base-2-background-color has-background is-layout-flow wp-block-column-is-layout-flow\">\n<div class=\"wp-block-columns is-layout-flex wp-container-core-columns-is-layout-9d6595d7 wp-block-columns-is-layout-flex\">\n<div class=\"wp-block-column is-layout-flow wp-block-column-is-layout-flow\" style=\"flex-basis:5%\"><\/div>\n\n\n\n<div class=\"wp-block-column is-layout-flow wp-block-column-is-layout-flow\">\n<div style=\"height:40px\" aria-hidden=\"true\" class=\"wp-block-spacer\"><\/div>\n\n\n\n<h3 class=\"wp-block-heading has-text-align-left\">Guardi\u00e0<\/h3>\n\n\n\n<p class=\"has-text-align-left\"><em>5.000\u20ac\/any<\/em><\/p>\n\n\n\n<p class=\"has-text-align-left\">Fes que el teu comprom\u00eds es vegi. Lidera amb impacte i guanya visibilitat on m\u00e9s importa. <\/p>\n\n\n\n<p><strong>Inclou tot l&#8217;anterior, m\u00e9s:<\/strong><\/p>\n\n\n\n<ul class=\"wp-block-list\">\n<li>\u2705 <strong>Menci\u00f3 en premsa i materials oficials del Zoo<br\/><\/strong>Augmenta la teva visibilitat p\u00fablica com a empresa compromesa amb la protecci\u00f3 de la naturalesa.<\/li>\n\n\n\n<li>\u2705 <strong>V\u00eddeo del projecte finan\u00e7at (per a \u00fas intern o promocional)<br\/><\/strong>Comunica el teu impacte amb una pe\u00e7a audiovisual professional que pots fer servir en xarxes, esdeveniments, web o informes.<\/li>\n\n\n\n<li>\u2705 <strong>Inclusi\u00f3 destacada a la mem\u00f2ria anual i documents institucionals<br\/><\/strong>Refor\u00e7a la teva imatge d&#8217;empresa amb prop\u00f2sit en entorns formals i d&#8217;alta credibilitat.<\/li>\n<\/ul>\n<\/div>\n\n\n\n<div class=\"wp-block-column is-layout-flow wp-block-column-is-layout-flow\" style=\"flex-basis:5%\"><\/div>\n<\/div>\n<\/div>\n\n\n\n<div class=\"wp-block-column has-base-background-color has-background is-layout-flow wp-block-column-is-layout-flow\">\n<div class=\"wp-block-columns is-layout-flex wp-container-core-columns-is-layout-9d6595d7 wp-block-columns-is-layout-flex\">\n<div class=\"wp-block-column is-layout-flow wp-block-column-is-layout-flow\" style=\"flex-basis:5%\"><\/div>\n\n\n\n<div class=\"wp-block-column is-layout-flow wp-block-column-is-layout-flow\">\n<div style=\"height:40px\" aria-hidden=\"true\" class=\"wp-block-spacer\"><\/div>\n\n\n\n<h3 class=\"wp-block-heading has-text-align-left\">L\u00edder per la Naturalesa<\/h3>\n\n\n\n<p class=\"has-text-align-left\"><em>10.000\u20ac\/any o m\u00e9s<\/em><\/p>\n\n\n\n<p class=\"has-text-align-left\">La teva empresa no nom\u00e9s hi col\u00b7labora. Lidera, influeix i marca el cam\u00ed. <\/p>\n\n\n\n<p><strong>Inclou tot l&#8217;anterior, m\u00e9s:<\/strong><\/p>\n\n\n\n<ul class=\"wp-block-list\">\n<li>\u2705 <strong>Visibilitat priorit\u00e0ria en premsa, senyalitzaci\u00f3 i materials corporatius de gran format<br\/><\/strong>La teva marca al capdavant. Un posicionament clar com a referent en sostenibilitat davant de milers de persones. <\/li>\n\n\n\n<li>\u2705 <strong>Participaci\u00f3 al Consell de L\u00edders per a la Natura<br\/><\/strong>Acc\u00e9s exclusiu a una reuni\u00f3 estrat\u00e8gica amb altres empreses aliades. Comparteix visi\u00f3, coneix aven\u00e7os i defineix nous reptes de manera conjunta. <\/li>\n\n\n\n<li>\u2705 <strong>Jornada de formaci\u00f3 exclusiva de lideratge per a fins a 5 persones de l&#8217;equip directiu<br\/><\/strong>Inverteix en la teva gent. Una experi\u00e8ncia transformadora per refor\u00e7ar el lideratge intern amb el prop\u00f2sit. <\/li>\n<\/ul>\n<\/div>\n\n\n\n<div class=\"wp-block-column is-layout-flow wp-block-column-is-layout-flow\" style=\"flex-basis:5%\"><\/div>\n<\/div>\n<\/div>\n<\/div>\n\n<div style=\"height:100px\" aria-hidden=\"true\" class=\"wp-block-spacer\"><\/div>\n\n<h2 class=\"wp-block-heading has-text-align-center\">On es destina la teva aportaci\u00f3?<\/h2>\n\n<div class=\"wp-block-columns is-layout-flex wp-container-core-columns-is-layout-9d6595d7 wp-block-columns-is-layout-flex\">\n<div class=\"wp-block-column is-layout-flow wp-block-column-is-layout-flow\" style=\"flex-basis:25%\"><\/div>\n\n\n\n<div class=\"wp-block-column is-layout-flow wp-block-column-is-layout-flow\" style=\"flex-basis:50%\">\n<p class=\"has-text-align-center\"><strong>Pots triar el tipus de projecte que vols impulsar amb la teva aportaci\u00f3:<br\/><\/strong>Segons el nivell de col\u00b7laboraci\u00f3 que tri\u00efs, podr\u00e0s decidir en quin tipus de projecte s&#8217;aplicar\u00e0 la teva ajuda: benestar animal, millora d&#8217;h\u00e0bitats o educaci\u00f3 ambiental.<\/p>\n<\/div>\n\n\n\n<div class=\"wp-block-column is-layout-flow wp-block-column-is-layout-flow\" style=\"flex-basis:25%\"><\/div>\n<\/div>\n\n<div class=\"wp-block-buttons is-content-justification-center is-layout-flex wp-container-core-buttons-is-layout-16018d1d wp-block-buttons-is-layout-flex\">\n<div class=\"wp-block-button\"><a class=\"wp-block-button__link has-medium-font-size has-custom-font-size wp-element-button\" href=\"https:\/\/zoodelpirineu.com\/ca\/donacio\/empreses\/formulari-de-donacions-per-a-empreses\/\" style=\"border-radius:0px\">Comen\u00e7ar la meva col\u00b7laboraci\u00f3 ara<\/a><\/div>\n<\/div>\n\n<div style=\"height:100px\" aria-hidden=\"true\" class=\"wp-block-spacer\"><\/div>\n\n<h2 class=\"wp-block-heading has-text-align-center\">\u00bf Qui hi ha darrere d&#8217;aquest impacte?<\/h2>\n\n<p class=\"has-text-align-center has-medium-font-size\">La nostra Missi\u00f3: Salvar, Educar i Protegir.<\/p>\n\n<div class=\"wp-block-columns is-layout-flex wp-container-core-columns-is-layout-9d6595d7 wp-block-columns-is-layout-flex\">\n<div class=\"wp-block-column is-layout-flow wp-block-column-is-layout-flow\" style=\"flex-basis:25%\"><\/div>\n\n\n\n<div class=\"wp-block-column is-layout-flow wp-block-column-is-layout-flow\" style=\"flex-basis:50%\">\n<p class=\"has-text-align-center\">A la <strong><a href=\"https:\/\/zoodelpirineu.com\/ca\/sobre-nosaltres\/\" title=\"Sobre nosaltres\">Fundaci\u00f3 Zoo del Pirineu<\/a><\/strong> rescatem i rehabilitem animals salvatges i eduquem a futures generacions sobre la import\u00e0ncia de protegir el nostre entorn. Ho fem sense finan\u00e7ament p\u00fablic gr\u00e0cies al suport d&#8217;empreses compromeses. <\/p>\n<\/div>\n\n\n\n<div class=\"wp-block-column is-layout-flow wp-block-column-is-layout-flow\" style=\"flex-basis:25%\"><\/div>\n<\/div>\n\n<div style=\"height:100px\" aria-hidden=\"true\" class=\"wp-block-spacer\"><\/div>\n\n<h2 class=\"wp-block-heading has-text-align-center\">Hist\u00f2ries d&#8217;\u00c8xit<\/h2>\n\n<p class=\"has-text-align-center\">Exemples reals d&#8217;impacte empresarial<\/p>\n\n<div class=\"wp-block-columns is-layout-flex wp-container-core-columns-is-layout-9d6595d7 wp-block-columns-is-layout-flex\">\n<div class=\"wp-block-column is-layout-flow wp-block-column-is-layout-flow\"><div class=\"wp-block-image\">\n<figure class=\"aligncenter size-full is-resized\"><img loading=\"lazy\" decoding=\"async\" width=\"320\" height=\"213\" src=\"https:\/\/zoodelpirineu.com\/wp-content\/uploads\/2023\/02\/OK-icono.png\" alt=\"OK\" class=\"wp-image-500\" style=\"width:auto;height:50px\" srcset=\"https:\/\/zoodelpirineu.com\/wp-content\/uploads\/2023\/02\/OK-icono.png 320w, https:\/\/zoodelpirineu.com\/wp-content\/uploads\/2023\/02\/OK-icono-300x200.png 300w\" sizes=\"auto, (max-width: 320px) 100vw, 320px\" \/><\/figure>\n<\/div>\n\n\n<h3 class=\"wp-block-heading has-text-align-center\"><a href=\"https:\/\/zoodelpirineu.com\/ca\/noticies-del-zoo-ca\/la-magia-de-la-solidaritat\/\" target=\"_blank\" rel=\"noopener\" title=\"La m&#xE0;gia de la solidaritat\">Mercat Solidari<\/a><\/h3>\n\n\n\n<p class=\"has-text-align-center\">Hivern 2024-25<\/p>\n\n\n\n<p class=\"has-text-align-center\">Gr\u00e0cies a la col\u00b7laboraci\u00f3 d&#8217;empreses i artesans, hem recaptat fons per construir nous espais que oferiran una llar segura i digna a dues guineus rescatades.<\/p>\n\n\n\n<div class=\"wp-block-buttons is-layout-flex wp-block-buttons-is-layout-flex\">\n<div class=\"wp-block-button has-custom-width wp-block-button__width-100 is-style-outline is-style-outline--1\"><a class=\"wp-block-button__link wp-element-button\" href=\"https:\/\/zoodelpirineu.com\/ca\/noticies-del-zoo-ca\/la-magia-de-la-solidaritat\/\" style=\"border-radius:0px\">Coneix aquesta hist\u00f2ria d&#8217;\u00e8xit<\/a><\/div>\n<\/div>\n<\/div>\n\n\n\n<div class=\"wp-block-column is-layout-flow wp-block-column-is-layout-flow\"><div class=\"wp-block-image\">\n<figure class=\"aligncenter size-full is-resized\"><img loading=\"lazy\" decoding=\"async\" width=\"320\" height=\"213\" src=\"https:\/\/zoodelpirineu.com\/wp-content\/uploads\/2023\/02\/OK-icono.png\" alt=\"OK\" class=\"wp-image-500\" style=\"width:auto;height:50px\" srcset=\"https:\/\/zoodelpirineu.com\/wp-content\/uploads\/2023\/02\/OK-icono.png 320w, https:\/\/zoodelpirineu.com\/wp-content\/uploads\/2023\/02\/OK-icono-300x200.png 300w\" sizes=\"auto, (max-width: 320px) 100vw, 320px\" \/><\/figure>\n<\/div>\n\n\n<h3 class=\"wp-block-heading has-text-align-center\">Cartells Educatius<\/h3>\n\n\n\n<p class=\"has-text-align-center\">Octubre 2024<\/p>\n\n\n\n<p class=\"has-text-align-center\">L&#8217;empresa <strong><a href=\"https:\/\/www.masoliver.com\/\" title=\"Mas Oliver SL\">Mas Oliver SL<\/a><\/strong> ha finan\u00e7at la creaci\u00f3 de cartells educatius que permetin als nostres visitants descobrir i apreciar la riquesa natural del nostre pa\u00eds.<\/p>\n<\/div>\n\n\n\n<div class=\"wp-block-column is-layout-flow wp-block-column-is-layout-flow\"><div class=\"wp-block-image\">\n<figure class=\"aligncenter size-full is-resized\"><img loading=\"lazy\" decoding=\"async\" width=\"320\" height=\"213\" src=\"https:\/\/zoodelpirineu.com\/wp-content\/uploads\/2023\/02\/OK-icono.png\" alt=\"OK\" class=\"wp-image-500\" style=\"width:auto;height:50px\" srcset=\"https:\/\/zoodelpirineu.com\/wp-content\/uploads\/2023\/02\/OK-icono.png 320w, https:\/\/zoodelpirineu.com\/wp-content\/uploads\/2023\/02\/OK-icono-300x200.png 300w\" sizes=\"auto, (max-width: 320px) 100vw, 320px\" \/><\/figure>\n<\/div>\n\n\n<h3 class=\"wp-block-heading has-text-align-center\">Alimentaci\u00f3 Sostenible<\/h3>\n\n\n\n<p class=\"has-text-align-center\">En Curs<\/p>\n\n\n\n<p class=\"has-text-align-center\">Gr\u00e0cies a la col\u00b7laboraci\u00f3 d&#8217;empreses del sector alimentari, aprofitem productes no aptes pel consum hum\u00e0, reduint el malbaratament d&#8217;aliments i garantint una alimentaci\u00f3 per a animals rescatats.<\/p>\n<\/div>\n<\/div>\n\n<div class=\"wp-block-buttons is-content-justification-center is-layout-flex wp-container-core-buttons-is-layout-16018d1d wp-block-buttons-is-layout-flex\">\n<div class=\"wp-block-button\"><a class=\"wp-block-button__link has-medium-font-size has-custom-font-size wp-element-button\" href=\"https:\/\/zoodelpirineu.com\/ca\/donacio\/empreses\/formulari-de-donacions-per-a-empreses\/\" style=\"border-radius:0px\">UNEIX-TE A L&#8217;IMPACTE<\/a><\/div>\n<\/div>\n\n<div style=\"height:100px\" aria-hidden=\"true\" class=\"wp-block-spacer\"><\/div>\n\n<div class=\"wp-block-columns is-layout-flex wp-container-core-columns-is-layout-9d6595d7 wp-block-columns-is-layout-flex\">\n<div class=\"wp-block-column is-layout-flow wp-block-column-is-layout-flow\" style=\"flex-basis:25%\"><\/div>\n\n\n\n<div class=\"wp-block-column is-layout-flow wp-block-column-is-layout-flow\" style=\"flex-basis:50%\">\n<h2 class=\"wp-block-heading has-text-align-center\" id=\"contacto\">Vols comen\u00e7ar? Parlem avui mateix <\/h2>\n\n\n\n<p class=\"has-text-align-center\">Contacta amb la direcci\u00f3 del Zoo del Pirineu i accedeix a una proposta de col\u00b7laboraci\u00f3 adaptada a la teva empresa.<br\/>Com m\u00e9s aviat actu\u00efs, abans veur\u00e0s els resultats.<\/p>\n\n\n\n<h3 class=\"wp-block-heading has-text-align-center\">Dades de Contacte<\/h3>\n\n\n\n<div style=\"text-align: center;\">\n \ud83d\udcdeTel\u00e8fon: <a href=\"tel:+34610750224\">610 75 02 24<\/a>\n<\/div>\n\n\n\n<p class=\"has-text-align-center\">\ud83d\udce7 Email: <a href=\"mailto:direccio@zoodelpirineu.org\">direccio@zoodelpirineu.org<\/a><\/p>\n\n\n\n<div style=\"height:100px\" aria-hidden=\"true\" class=\"wp-block-spacer\"><\/div>\n<\/div>\n\n\n\n<div class=\"wp-block-column is-layout-flow wp-block-column-is-layout-flow\" style=\"flex-basis:25%\"><\/div>\n<\/div>\n\n<div class=\"wp-block-cover\"><img loading=\"lazy\" decoding=\"async\" width=\"2000\" height=\"800\" class=\"wp-block-cover__image-background wp-image-2468\" alt=\"Convierte tu empresa en patrocinador de un animal salvaje.\" src=\"https:\/\/zoodelpirineu.com\/wp-content\/uploads\/2025\/02\/Erizo-ciego.jpg\" style=\"object-position:36% 51%\" data-object-fit=\"cover\" data-object-position=\"36% 51%\" srcset=\"https:\/\/zoodelpirineu.com\/wp-content\/uploads\/2025\/02\/Erizo-ciego.jpg 2000w, https:\/\/zoodelpirineu.com\/wp-content\/uploads\/2025\/02\/Erizo-ciego-300x120.jpg 300w, https:\/\/zoodelpirineu.com\/wp-content\/uploads\/2025\/02\/Erizo-ciego-1024x410.jpg 1024w, https:\/\/zoodelpirineu.com\/wp-content\/uploads\/2025\/02\/Erizo-ciego-768x307.jpg 768w, https:\/\/zoodelpirineu.com\/wp-content\/uploads\/2025\/02\/Erizo-ciego-1536x614.jpg 1536w\" sizes=\"auto, (max-width: 2000px) 100vw, 2000px\" \/><span aria-hidden=\"true\" class=\"wp-block-cover__background has-contrast-background-color has-background-dim\"><\/span><div class=\"wp-block-cover__inner-container is-layout-constrained wp-block-cover-is-layout-constrained\">\n<p class=\"has-text-align-center has-large-font-size\">Fes que la propera gran decisi\u00f3 de la teva empresa sigui salvar animals salvatges, educar milers de persones i posicionar la teva marca com a l\u00edder en sostenibilitat.<\/p>\n\n\n\n<div class=\"wp-block-buttons is-content-justification-center is-layout-flex wp-container-core-buttons-is-layout-16018d1d wp-block-buttons-is-layout-flex\">\n<div class=\"wp-block-button .cta-button {  display: inline-block; text-align: center; padding: 15px 30px; background-color: #1f7f95; color: #ffffff; text-decoration: none; border-radius: 10px; font-weight: bold; font-size: 1.2em; transition: background-color 0.3s; border: cursor: pointer; } .cta-button:hover #166472;\"><a class=\"wp-block-button__link has-medium-font-size has-custom-font-size wp-element-button\" href=\"https:\/\/zoodelpirineu.com\/ca\/donacio\/empreses\/formulari-de-donacions-per-a-empreses\/\" style=\"border-radius:0px\">FER EFECTIVA LA MEVA DECISI\u00d3<\/a><\/div>\n<\/div>\n<\/div><\/div>\n","protected":false},"excerpt":{"rendered":"<p>Qu\u00e8 guanya la teva empresa en col\u00b7laborar? La teva col\u00b7laboraci\u00f3 impulsa resultats visibles en \u00e0rees clau de la teva estrat\u00e8gia empresarial: Avantatges fiscals Recupera fins &#8230; <\/p>\n<p class=\"read-more-container\"><a title=\"Empreses\" class=\"read-more button\" href=\"https:\/\/zoodelpirineu.com\/ca\/donacio\/empreses\/#more-2681\" aria-label=\"M\u00e9s informaci\u00f3 sobre Empreses\">Read more<\/a><\/p>\n","protected":false},"author":1,"featured_media":2620,"parent":3902,"menu_order":0,"comment_status":"closed","ping_status":"closed","template":"","meta":{"om_disable_all_campaigns":false,"_monsterinsights_skip_tracking":false,"_monsterinsights_sitenote_active":false,"_monsterinsights_sitenote_note":"","_monsterinsights_sitenote_category":0,"footnotes":""},"class_list":["post-2681","page","type-page","status-publish","has-post-thumbnail"],"aioseo_notices":[],"_links":{"self":[{"href":"https:\/\/zoodelpirineu.com\/ca\/wp-json\/wp\/v2\/pages\/2681","targetHints":{"allow":["GET"]}}],"collection":[{"href":"https:\/\/zoodelpirineu.com\/ca\/wp-json\/wp\/v2\/pages"}],"about":[{"href":"https:\/\/zoodelpirineu.com\/ca\/wp-json\/wp\/v2\/types\/page"}],"author":[{"embeddable":true,"href":"https:\/\/zoodelpirineu.com\/ca\/wp-json\/wp\/v2\/users\/1"}],"replies":[{"embeddable":true,"href":"https:\/\/zoodelpirineu.com\/ca\/wp-json\/wp\/v2\/comments?post=2681"}],"version-history":[{"count":15,"href":"https:\/\/zoodelpirineu.com\/ca\/wp-json\/wp\/v2\/pages\/2681\/revisions"}],"predecessor-version":[{"id":4115,"href":"https:\/\/zoodelpirineu.com\/ca\/wp-json\/wp\/v2\/pages\/2681\/revisions\/4115"}],"up":[{"embeddable":true,"href":"https:\/\/zoodelpirineu.com\/ca\/wp-json\/wp\/v2\/pages\/3902"}],"wp:featuredmedia":[{"embeddable":true,"href":"https:\/\/zoodelpirineu.com\/ca\/wp-json\/wp\/v2\/media\/2620"}],"wp:attachment":[{"href":"https:\/\/zoodelpirineu.com\/ca\/wp-json\/wp\/v2\/media?parent=2681"}],"curies":[{"name":"wp","href":"https:\/\/api.w.org\/{rel}","templated":true}]}}