{"id":480,"date":"2023-02-01T07:45:13","date_gmt":"2023-02-01T06:45:13","guid":{"rendered":"https:\/\/zoodelpirineu.com\/geneta-un-depredador-nocturn\/"},"modified":"2025-03-23T10:04:31","modified_gmt":"2025-03-23T09:04:31","slug":"geneta-un-depredador-nocturn","status":"publish","type":"page","link":"https:\/\/zoodelpirineu.com\/ca\/animals\/geneta-un-depredador-nocturn\/","title":{"rendered":"Geneta, un depredador nocturn"},"content":{"rendered":"\n<div class=\"wp-block-cover\"><span aria-hidden=\"true\" class=\"wp-block-cover__background has-background-dim\"><\/span><img loading=\"lazy\" decoding=\"async\" width=\"2000\" height=\"800\" class=\"wp-block-cover__image-background wp-image-414\" alt=\"\" src=\"https:\/\/zoodelpirineu.com\/wp-content\/uploads\/2023\/01\/Jineta-animal.jpg\" style=\"object-position:52% 24%\" data-object-fit=\"cover\" data-object-position=\"52% 24%\" srcset=\"https:\/\/zoodelpirineu.com\/wp-content\/uploads\/2023\/01\/Jineta-animal.jpg 2000w, https:\/\/zoodelpirineu.com\/wp-content\/uploads\/2023\/01\/Jineta-animal-300x120.jpg 300w, https:\/\/zoodelpirineu.com\/wp-content\/uploads\/2023\/01\/Jineta-animal-1024x410.jpg 1024w, https:\/\/zoodelpirineu.com\/wp-content\/uploads\/2023\/01\/Jineta-animal-768x307.jpg 768w, https:\/\/zoodelpirineu.com\/wp-content\/uploads\/2023\/01\/Jineta-animal-1536x614.jpg 1536w\" sizes=\"auto, (max-width: 2000px) 100vw, 2000px\" \/><div class=\"wp-block-cover__inner-container is-layout-flow wp-block-cover-is-layout-flow\">\n<p class=\"has-text-align-center has-large-font-size\">Coneix la geneta, un depredador nocturn<br\/>poc conegut que habita a tota la pen\u00ednsula Ib\u00e8rica<\/p>\n<\/div><\/div>\n\n<div style=\"height:100px\" aria-hidden=\"true\" class=\"wp-block-spacer\"><\/div>\n\n<div class=\"wp-block-columns is-layout-flex wp-container-core-columns-is-layout-9d6595d7 wp-block-columns-is-layout-flex\">\n<div class=\"wp-block-column is-layout-flow wp-block-column-is-layout-flow\" style=\"flex-basis:10%\"><\/div>\n\n\n\n<div class=\"wp-block-column is-layout-flow wp-block-column-is-layout-flow\">\n<h2 class=\"wp-block-heading\">Nom<\/h2>\n\n\n\n<ul class=\"wp-block-list\">\n<li>Nom cient\u00edfic: <em>Genetta genetta<\/em><\/li>\n\n\n\n<li>Castell\u00e0: Jineta \/ Gineta \/ Gato almizclero<\/li>\n\n\n\n<li>Catal\u00e0: Geneta comuna \/ Gat mesquer \/ Mosqueta \/ Ginesta<\/li>\n\n\n\n<li>Euskera: Katajineta arrunta<\/li>\n\n\n\n<li>Gallec: Xeneta \/ Rabilongo \/ Gato algario \/ Rabisaco<\/li>\n<\/ul>\n<\/div>\n\n\n\n<div class=\"wp-block-column is-layout-flow wp-block-column-is-layout-flow\">\n<h2 class=\"wp-block-heading\">Classificaci\u00f3<\/h2>\n\n\n\n<p>La geneta no \u00e9s un gat. I no \u00e9s ni d&#8217;aquesta fam\u00edlia.<\/p>\n\n\n\n<ul class=\"wp-block-list\">\n<li>Classe: Mam\u00edfer<\/li>\n\n\n\n<li>Ordre: Carn\u00edvors<\/li>\n\n\n\n<li>Fam\u00edlia: Viv\u00e8rrids<\/li>\n\n\n\n<li>Esp\u00e8cie: Geneta<\/li>\n<\/ul>\n<\/div>\n\n\n\n<div class=\"wp-block-column is-layout-flow wp-block-column-is-layout-flow\" style=\"flex-basis:10%\"><\/div>\n<\/div>\n\n<div class=\"wp-block-columns are-vertically-aligned-center is-layout-flex wp-container-core-columns-is-layout-9d6595d7 wp-block-columns-is-layout-flex\">\n<div class=\"wp-block-column is-vertically-aligned-center is-layout-flow wp-block-column-is-layout-flow\" style=\"flex-basis:10%\"><\/div>\n\n\n\n<div class=\"wp-block-column is-vertically-aligned-center is-layout-flow wp-block-column-is-layout-flow\">\n<h2 class=\"wp-block-heading\">Mapa de distribuci\u00f3 de la geneta<\/h2>\n\n\n\n<figure class=\"wp-block-image size-large\"><img loading=\"lazy\" decoding=\"async\" width=\"1024\" height=\"605\" src=\"https:\/\/zoodelpirineu.com\/wp-content\/uploads\/2023\/02\/Genetta-genetta-mapa-distribucion-2-1024x605.jpg\" alt=\"Geneta mapa de distribuci&#xF3;\" class=\"wp-image-577\" srcset=\"https:\/\/zoodelpirineu.com\/wp-content\/uploads\/2023\/02\/Genetta-genetta-mapa-distribucion-2-1024x605.jpg 1024w, https:\/\/zoodelpirineu.com\/wp-content\/uploads\/2023\/02\/Genetta-genetta-mapa-distribucion-2-300x177.jpg 300w, https:\/\/zoodelpirineu.com\/wp-content\/uploads\/2023\/02\/Genetta-genetta-mapa-distribucion-2-768x454.jpg 768w, https:\/\/zoodelpirineu.com\/wp-content\/uploads\/2023\/02\/Genetta-genetta-mapa-distribucion-2.jpg 1039w\" sizes=\"auto, (max-width: 1024px) 100vw, 1024px\" \/><\/figure>\n<\/div>\n\n\n\n<div class=\"wp-block-column is-vertically-aligned-center is-layout-flow wp-block-column-is-layout-flow\">\n<h3 class=\"wp-block-heading\">Llegenda:<\/h3>\n\n\n\n<ul class=\"wp-block-list\">\n<li>Gris fosc: Distribuci\u00f3 original<\/li>\n\n\n\n<li>Gris clar: \u00c0rea on la geneta ha estat introdu\u00efda pels humans.<\/li>\n<\/ul>\n\n\n\n<p>Origin\u00e0riament la geneta habitava a \u00c0frica i una part de la Pen\u00ednsula Ar\u00e0biga.<\/p>\n\n\n\n<p>Va arribar a la pen\u00ednsula Ib\u00e8rica fa m\u00e9s de 1.000 anys. La seva poblaci\u00f3 s&#8217;ha est\u00e8s per tota la pen\u00ednsula i les Illes Balears. Per\u00f2 tamb\u00e9 habita a una gran part de Fran\u00e7a. <\/p>\n<\/div>\n\n\n\n<div class=\"wp-block-column is-vertically-aligned-center is-layout-flow wp-block-column-is-layout-flow\" style=\"flex-basis:10%\"><\/div>\n<\/div>\n\n<div class=\"wp-block-columns are-vertically-aligned-top has-base-2-background-color has-background is-layout-flex wp-container-core-columns-is-layout-9d6595d7 wp-block-columns-is-layout-flex\">\n<div class=\"wp-block-column is-vertically-aligned-top is-layout-flow wp-block-column-is-layout-flow\" style=\"flex-basis:10%\"><\/div>\n\n\n\n<div class=\"wp-block-column is-vertically-aligned-top is-layout-flow wp-block-column-is-layout-flow\">\n<h2 class=\"wp-block-heading\">Grau de protecci\u00f3 de la geneta<\/h2>\n\n\n\n<h3 class=\"wp-block-heading\">A nivell mundial<\/h3>\n\n\n\n<figure class=\"wp-block-image size-large is-resized\"><img loading=\"lazy\" decoding=\"async\" src=\"https:\/\/zoodelpirineu.com\/wp-content\/uploads\/2023\/01\/Status_iucn_ESsvg_-1024x273.png\" alt=\"Grau de protecci&#xF3; mundial segons La Llista Vermella de UICN.\" class=\"wp-image-426\" width=\"256\" height=\"68\" srcset=\"https:\/\/zoodelpirineu.com\/wp-content\/uploads\/2023\/01\/Status_iucn_ESsvg_-1024x273.png 1024w, https:\/\/zoodelpirineu.com\/wp-content\/uploads\/2023\/01\/Status_iucn_ESsvg_-300x80.png 300w, https:\/\/zoodelpirineu.com\/wp-content\/uploads\/2023\/01\/Status_iucn_ESsvg_-768x205.png 768w, https:\/\/zoodelpirineu.com\/wp-content\/uploads\/2023\/01\/Status_iucn_ESsvg_-1536x410.png 1536w, https:\/\/zoodelpirineu.com\/wp-content\/uploads\/2023\/01\/Status_iucn_ESsvg_.png 1920w\" sizes=\"auto, (max-width: 256px) 100vw, 256px\" \/><\/figure>\n<\/div>\n\n\n\n<div class=\"wp-block-column is-vertically-aligned-top is-layout-flow wp-block-column-is-layout-flow\">\n<div style=\"height:60px\" aria-hidden=\"true\" class=\"wp-block-spacer\"><\/div>\n\n\n\n<h3 class=\"wp-block-heading\">A Espanya<\/h3>\n\n\n\n<ul class=\"wp-block-list\">\n<li>Tot i que la geneta no \u00e9s un animal originari del nostre pa\u00eds, s&#8217;ha incorporat sense problemes i avui dia la considerem <strong>animal aut\u00f2cton<\/strong>.<\/li>\n\n\n\n<li>La geneta \u00e9s un animal amb una <strong>poblaci\u00f3 estable<\/strong>.<\/li>\n\n\n\n<li>No es pot ca\u00e7ar.<\/li>\n\n\n\n<li><strong>No li podem fer cap mal<\/strong> encara que no compta com a esp\u00e8cie protegida.<\/li>\n\n\n\n<li>La seva captura est\u00e0 prohibida.<\/li>\n<\/ul>\n<\/div>\n\n\n\n<div class=\"wp-block-column is-vertically-aligned-top is-layout-flow wp-block-column-is-layout-flow\" style=\"flex-basis:10%\"><\/div>\n<\/div>\n\n<div class=\"wp-block-columns are-vertically-aligned-center is-layout-flex wp-container-core-columns-is-layout-9d6595d7 wp-block-columns-is-layout-flex\">\n<div class=\"wp-block-column is-vertically-aligned-center is-layout-flow wp-block-column-is-layout-flow\" style=\"flex-basis:10%\"><\/div>\n\n\n\n<div class=\"wp-block-column is-vertically-aligned-center is-layout-flow wp-block-column-is-layout-flow\">\n<h2 class=\"wp-block-heading\">Alimentaci\u00f3<\/h2>\n\n\n\n<figure class=\"wp-block-image size-full\"><img loading=\"lazy\" decoding=\"async\" width=\"800\" height=\"600\" src=\"https:\/\/zoodelpirineu.com\/wp-content\/uploads\/2023\/01\/Jineta-alimentacion.jpg\" alt=\"\" class=\"wp-image-430\" srcset=\"https:\/\/zoodelpirineu.com\/wp-content\/uploads\/2023\/01\/Jineta-alimentacion.jpg 800w, https:\/\/zoodelpirineu.com\/wp-content\/uploads\/2023\/01\/Jineta-alimentacion-300x225.jpg 300w, https:\/\/zoodelpirineu.com\/wp-content\/uploads\/2023\/01\/Jineta-alimentacion-768x576.jpg 768w\" sizes=\"auto, (max-width: 800px) 100vw, 800px\" \/><figcaption class=\"wp-element-caption\">Una geneta ha ca\u00e7at una llebre.<\/figcaption><\/figure>\n<\/div>\n\n\n\n<div class=\"wp-block-column is-vertically-aligned-center is-layout-flow wp-block-column-is-layout-flow\">\n<h3 class=\"wp-block-heading\">La geneta \u00e9s carn\u00edvora<\/h3>\n\n\n\n<p>S\u00f3n depredadors nocturns. La seva dieta principal s\u00f3n els ratolins.<\/p>\n\n\n\n<h3 class=\"wp-block-heading\">La geneta \u00e9s oportunista<\/h3>\n\n\n\n<p>S&#8217;adapta f\u00e0cilment i amplia la seva dieta amb:<\/p>\n\n\n\n<ul class=\"wp-block-list\">\n<li>Aus de corral<\/li>\n\n\n\n<li>Conills i llebres<\/li>\n\n\n\n<li>R\u00e8ptils i amfibis<\/li>\n\n\n\n<li>Amb escassetat d&#8217;aliments fins i tot insectes, cargols i peixos.<\/li>\n<\/ul>\n<\/div>\n\n\n\n<div class=\"wp-block-column is-vertically-aligned-center is-layout-flow wp-block-column-is-layout-flow\" style=\"flex-basis:10%\"><\/div>\n<\/div>\n\n<div class=\"wp-block-columns are-vertically-aligned-center is-layout-flex wp-container-core-columns-is-layout-9d6595d7 wp-block-columns-is-layout-flex\">\n<div class=\"wp-block-column is-vertically-aligned-center is-layout-flow wp-block-column-is-layout-flow\" style=\"flex-basis:10%\"><\/div>\n\n\n\n<div class=\"wp-block-column is-vertically-aligned-center is-layout-flow wp-block-column-is-layout-flow\">\n<h2 class=\"wp-block-heading\">H\u00e0bitat<\/h2>\n\n\n\n<figure class=\"wp-block-image size-full\"><img loading=\"lazy\" decoding=\"async\" width=\"800\" height=\"600\" src=\"https:\/\/zoodelpirineu.com\/wp-content\/uploads\/2023\/01\/Habitad-de-jineta.jpg\" alt=\"\" class=\"wp-image-433\" srcset=\"https:\/\/zoodelpirineu.com\/wp-content\/uploads\/2023\/01\/Habitad-de-jineta.jpg 800w, https:\/\/zoodelpirineu.com\/wp-content\/uploads\/2023\/01\/Habitad-de-jineta-300x225.jpg 300w, https:\/\/zoodelpirineu.com\/wp-content\/uploads\/2023\/01\/Habitad-de-jineta-768x576.jpg 768w\" sizes=\"auto, (max-width: 800px) 100vw, 800px\" \/><figcaption class=\"wp-element-caption\">Les genetes necessiten acc\u00e9s diari a aigua.<\/figcaption><\/figure>\n<\/div>\n\n\n\n<div class=\"wp-block-column is-vertically-aligned-center is-layout-flow wp-block-column-is-layout-flow\">\n<p>La geneta prefereix <strong>\u00e0rees amb vegetaci\u00f3 densa<\/strong>. Per\u00f2 tamb\u00e9 habita a oliverars. \u00c9s perqu\u00e8 tolera estar a prop dels assentaments humans.<\/p>\n\n\n\n<p>La distribuci\u00f3 s&#8217;est\u00e9n fins a 3.000m sobre el nivell del mar.<\/p>\n\n\n\n<p>Evita la densa selva tropical i les regions extremadament \u00e0rides.<\/p>\n<\/div>\n\n\n\n<div class=\"wp-block-column is-vertically-aligned-center is-layout-flow wp-block-column-is-layout-flow\" style=\"flex-basis:10%\"><\/div>\n<\/div>\n\n<div class=\"wp-block-columns are-vertically-aligned-center is-layout-flex wp-container-core-columns-is-layout-9d6595d7 wp-block-columns-is-layout-flex\">\n<div class=\"wp-block-column is-vertically-aligned-center is-layout-flow wp-block-column-is-layout-flow\" style=\"flex-basis:10%\"><\/div>\n\n\n\n<div class=\"wp-block-column is-vertically-aligned-center is-layout-flow wp-block-column-is-layout-flow\">\n<h2 class=\"wp-block-heading\">Costums de la geneta<\/h2>\n\n\n\n<figure class=\"wp-block-image size-full\"><img loading=\"lazy\" decoding=\"async\" width=\"800\" height=\"600\" src=\"https:\/\/zoodelpirineu.com\/wp-content\/uploads\/2023\/01\/Jineta-es-animal-solitario.jpg\" alt=\"\" class=\"wp-image-436\" srcset=\"https:\/\/zoodelpirineu.com\/wp-content\/uploads\/2023\/01\/Jineta-es-animal-solitario.jpg 800w, https:\/\/zoodelpirineu.com\/wp-content\/uploads\/2023\/01\/Jineta-es-animal-solitario-300x225.jpg 300w, https:\/\/zoodelpirineu.com\/wp-content\/uploads\/2023\/01\/Jineta-es-animal-solitario-768x576.jpg 768w\" sizes=\"auto, (max-width: 800px) 100vw, 800px\" \/><figcaption class=\"wp-element-caption\">La geneta t\u00e9 la mida d&#8217;un gat. El seu cos fa uns 50cm i la cua uns 45cm.<\/figcaption><\/figure>\n<\/div>\n\n\n\n<div class=\"wp-block-column is-vertically-aligned-center is-layout-flow wp-block-column-is-layout-flow\">\n<p>S\u00f3n animals nocturns i t\u00edmids. Durant el dia dormen en amagatalls, <strong>a la nit surten a ca\u00e7ar<\/strong>. S\u00f3n excel\u00b7lents saltadores i trepadores.<\/p>\n\n\n\n<p>La seva cua llarga els permet balancejar-se a les altures dels arbres i els dona empenta quan salten d&#8217;una branca a l&#8217;altra.<\/p>\n\n\n\n<h3 class=\"wp-block-heading\">Quins sons fan les genetes?<\/h3>\n\n\n\n<p><strong>Les genetes emeten sons similars als dels gats<\/strong>: grunyen quan estan emocionats, xiulen per amena\u00e7ar, ronquen quan estan c\u00f2modes, i miolen.<\/p>\n<\/div>\n\n\n\n<div class=\"wp-block-column is-vertically-aligned-center is-layout-flow wp-block-column-is-layout-flow\" style=\"flex-basis:10%\"><\/div>\n<\/div>\n\n<div class=\"wp-block-columns are-vertically-aligned-center is-layout-flex wp-container-core-columns-is-layout-9d6595d7 wp-block-columns-is-layout-flex\">\n<div class=\"wp-block-column is-vertically-aligned-center is-layout-flow wp-block-column-is-layout-flow\" style=\"flex-basis:10%\"><\/div>\n\n\n\n<div class=\"wp-block-column is-vertically-aligned-center is-layout-flow wp-block-column-is-layout-flow\">\n<h2 class=\"wp-block-heading\">Vida familiar i social<\/h2>\n\n\n\n<figure class=\"wp-block-image size-full\"><img loading=\"lazy\" decoding=\"async\" width=\"800\" height=\"600\" src=\"https:\/\/zoodelpirineu.com\/wp-content\/uploads\/2023\/02\/Gineta.jpg\" alt=\"\" class=\"wp-image-450\" srcset=\"https:\/\/zoodelpirineu.com\/wp-content\/uploads\/2023\/02\/Gineta.jpg 800w, https:\/\/zoodelpirineu.com\/wp-content\/uploads\/2023\/02\/Gineta-300x225.jpg 300w, https:\/\/zoodelpirineu.com\/wp-content\/uploads\/2023\/02\/Gineta-768x576.jpg 768w\" sizes=\"auto, (max-width: 800px) 100vw, 800px\" \/><figcaption class=\"wp-element-caption\">La geneta \u00e9s un animal solitari.<\/figcaption><\/figure>\n<\/div>\n\n\n\n<div class=\"wp-block-column is-vertically-aligned-center is-layout-flow wp-block-column-is-layout-flow\">\n<p><strong>Acostumen a viure soles<\/strong>. Durant el per\u00edode d&#8217;aparellament abandonen els seus territoris a la recerca d&#8217;una parella. <\/p>\n\n\n\n<p><strong>El seu ritual d&#8217;aparellament \u00e9s sanguinari<\/strong>. El mascle ataca fero\u00e7ment la femella. La femella lluita contra el mascle. \u00c9s perqu\u00e8 necessita assegurar que el pare de les seves cries sigui fort perqu\u00e8 tinguin una gen\u00e8tica favorable per sobreviure.<\/p>\n\n\n\n<p>Un cop feta la feina, es separen els camins.<\/p>\n\n\n\n<p>Despr\u00e9s de deu a dotze setmanes, neixen de d<strong>ues a quatre crie<\/strong>s que cuida la mare sola. Els petits acompanyen la seva mare durant un any. <\/p>\n<\/div>\n\n\n\n<div class=\"wp-block-column is-vertically-aligned-center is-layout-flow wp-block-column-is-layout-flow\" style=\"flex-basis:10%\"><\/div>\n<\/div>\n\n<div class=\"wp-block-columns are-vertically-aligned-center has-base-background-color has-background is-layout-flex wp-container-core-columns-is-layout-9d6595d7 wp-block-columns-is-layout-flex\">\n<div class=\"wp-block-column is-vertically-aligned-center is-layout-flow wp-block-column-is-layout-flow\" style=\"flex-basis:10%\"><\/div>\n\n\n\n<div class=\"wp-block-column is-vertically-aligned-center is-layout-flow wp-block-column-is-layout-flow\">\n<h2 class=\"wp-block-heading\">La geneta i els humans al llarg de la hist\u00f2ria<\/h2>\n\n\n\n<figure class=\"wp-block-image size-full\"><img loading=\"lazy\" decoding=\"async\" width=\"800\" height=\"600\" src=\"https:\/\/zoodelpirineu.com\/wp-content\/uploads\/2023\/01\/Jineta-historia-con-humanos.jpg\" alt=\"\" class=\"wp-image-421\" srcset=\"https:\/\/zoodelpirineu.com\/wp-content\/uploads\/2023\/01\/Jineta-historia-con-humanos.jpg 800w, https:\/\/zoodelpirineu.com\/wp-content\/uploads\/2023\/01\/Jineta-historia-con-humanos-300x225.jpg 300w, https:\/\/zoodelpirineu.com\/wp-content\/uploads\/2023\/01\/Jineta-historia-con-humanos-768x576.jpg 768w\" sizes=\"auto, (max-width: 800px) 100vw, 800px\" \/><\/figure>\n<\/div>\n\n\n\n<div class=\"wp-block-column is-vertically-aligned-center is-layout-flow wp-block-column-is-layout-flow\">\n<h3 class=\"wp-block-heading\">Musulmans:<\/h3>\n\n\n\n<p>Els \u00e0rabs <strong>feien servir la pell<\/strong> de la geneta per revestir les cadires de muntar a cavall. Fins avui dia les genetes es tenen com a mascotes en algunes llars d&#8217;\u00c0frica.<\/p>\n\n\n\n<h3 class=\"wp-block-heading\">Romans:<\/h3>\n\n\n\n<p>Ja a l&#8217;\u00e8poca dels romans tenien genetes com a mascotes. \u00c9s probable que aix\u00f2 hagi causat <strong>la seva expansi\u00f3 per Europa<\/strong>.<\/p>\n\n\n\n<h3 class=\"wp-block-heading\">Mercaders i pirates<\/h3>\n\n\n\n<p>Les genetes acompanyaven als mariners en els viatges pel mar. \u00c9s perqu\u00e8 <strong>la seva agilitat i les seves ganes de ca\u00e7ar ratolins<\/strong> les feien molt valuoses per protegir els aliments durant la traject\u00f2ria. <\/p>\n<\/div>\n\n\n\n<div class=\"wp-block-column is-vertically-aligned-center is-layout-flow wp-block-column-is-layout-flow\" style=\"flex-basis:10%\"><\/div>\n<\/div>\n\n<div class=\"wp-block-columns are-vertically-aligned-center is-layout-flex wp-container-core-columns-is-layout-9d6595d7 wp-block-columns-is-layout-flex\">\n<div class=\"wp-block-column is-vertically-aligned-center is-layout-flow wp-block-column-is-layout-flow\" style=\"flex-basis:10%\"><\/div>\n\n\n\n<div class=\"wp-block-column is-vertically-aligned-center is-layout-flow wp-block-column-is-layout-flow\">\n<h2 class=\"wp-block-heading\">La geneta a Espanya<\/h2>\n\n\n\n<figure class=\"wp-block-image size-full\"><img loading=\"lazy\" decoding=\"async\" width=\"800\" height=\"600\" src=\"https:\/\/zoodelpirineu.com\/wp-content\/uploads\/2023\/02\/Jineta-Helen.jpg\" alt=\"\" class=\"wp-image-454\" srcset=\"https:\/\/zoodelpirineu.com\/wp-content\/uploads\/2023\/02\/Jineta-Helen.jpg 800w, https:\/\/zoodelpirineu.com\/wp-content\/uploads\/2023\/02\/Jineta-Helen-300x225.jpg 300w, https:\/\/zoodelpirineu.com\/wp-content\/uploads\/2023\/02\/Jineta-Helen-768x576.jpg 768w\" sizes=\"auto, (max-width: 800px) 100vw, 800px\" \/><figcaption class=\"wp-element-caption\">La geneta Helen va perdre la vista en un accident a la carretera. Viu al Zoo del Pirineu.<\/figcaption><\/figure>\n<\/div>\n\n\n\n<div class=\"wp-block-column is-vertically-aligned-center is-layout-flow wp-block-column-is-layout-flow\">\n<h3 class=\"wp-block-heading\">Esp\u00e8cie aut\u00f2ctona<\/h3>\n\n\n\n<p>Tot i que la geneta no \u00e9s origin\u00e0ria del nostre pa\u00eds, s&#8217;ha incorporat perfectament a la natura. Avui dia la considerem <strong>esp\u00e8cie aut\u00f2ctona<\/strong>. Vol dir: esp\u00e8cie pr\u00f2pia del pa\u00eds. <\/p>\n\n\n\n<h3 class=\"wp-block-heading\">Danys en galliners<\/h3>\n\n\n\n<p>Aquest depredador \u00e0gil i nocturn <strong>pot envair els galliners<\/strong> i causar grans danys. Malauradament aix\u00f2 porta a l&#8217;enverinament de les genetes. Tamb\u00e9 es posen trampes il\u00b7legals. <\/p>\n\n\n\n<p><strong>Enverinar \u00e9s la manera m\u00e9s cruel d&#8217;acabar amb la vida d&#8217;un \u00e9sser viu.<\/strong> Tamb\u00e9 els paranys causen lesions terribles als animals. <\/p>\n\n\n\n<h4 class=\"wp-block-heading\">Qu\u00e8 fer si tens problemes amb una geneta?<\/h4>\n\n\n\n<p><strong>Protegeix les teves gallines tal com s&#8217;ha fet sempre<\/strong>: tanca-les al galliner durant la nit. I sobretot assegura&#8217;t que no hi hagi forats. Una geneta pot passar per orificis de 6cm de di\u00e0metre.<\/p>\n<\/div>\n<\/div>\n\n<div class=\"wp-block-columns are-vertically-aligned-center is-layout-flex wp-container-core-columns-is-layout-9d6595d7 wp-block-columns-is-layout-flex\">\n<div class=\"wp-block-column is-vertically-aligned-center is-layout-flow wp-block-column-is-layout-flow\" style=\"flex-basis:10%\"><\/div>\n\n\n\n<div class=\"wp-block-column is-vertically-aligned-center is-layout-flow wp-block-column-is-layout-flow\">\n<h2 class=\"wp-block-heading\">La geneta en captivitat<\/h2>\n\n\n\n<figure class=\"wp-block-image size-full\"><img loading=\"lazy\" decoding=\"async\" width=\"800\" height=\"600\" src=\"https:\/\/zoodelpirineu.com\/wp-content\/uploads\/2023\/01\/Jineta-en-cautividad.jpg\" alt=\"La geneta i els humans\" class=\"wp-image-418\" srcset=\"https:\/\/zoodelpirineu.com\/wp-content\/uploads\/2023\/01\/Jineta-en-cautividad.jpg 800w, https:\/\/zoodelpirineu.com\/wp-content\/uploads\/2023\/01\/Jineta-en-cautividad-300x225.jpg 300w, https:\/\/zoodelpirineu.com\/wp-content\/uploads\/2023\/01\/Jineta-en-cautividad-768x576.jpg 768w\" sizes=\"auto, (max-width: 800px) 100vw, 800px\" \/><figcaption class=\"wp-element-caption\">La geneta Gen\u00eds a l&#8217;exhibici\u00f3 de vol al Zoo del Pirineu.<\/figcaption><\/figure>\n<\/div>\n\n\n\n<div class=\"wp-block-column is-vertically-aligned-center is-layout-flow wp-block-column-is-layout-flow\">\n<h3 class=\"wp-block-heading\">Es pot tenir una geneta com a mascota?<\/h3>\n\n\n\n<p>Les genetes s\u00f3n animals salvatges, per tant <strong>no les pots agafar de la natura i emportar-te-les a casa com a mascota<\/strong>.<\/p>\n\n\n\n<p>No obstant:<\/p>\n\n\n\n<p>Hi ha centres de cria homologats on crien genetes legalment. Pots comprar una geneta d&#8217;un criador oficial. En aquest cas, per\u00f2, <strong>haur\u00e0s de legalitzarla seva tinen\u00e7a<\/strong> davant l&#8217;administraci\u00f3.<\/p>\n\n\n\n<h4 class=\"wp-block-heading\">S\u00f3n bones mascotes les genetes?<\/h4>\n\n\n\n<p>No.<\/p>\n\n\n\n<p>S\u00f3n animals amb una immensa necessitat de moure&#8217;s. A m\u00e9s <strong>fan pudor<\/strong>, i molta! <strong>Les seves dents s\u00f3n fortes i esmolades i les seves urpes com ganivets<\/strong>. I creu-me, les fan servir. Definitivament no s\u00f3n animals per tenir com a mascota en una llar.<\/p>\n<\/div>\n<\/div>\n\n<div style=\"height:100px\" aria-hidden=\"true\" class=\"wp-block-spacer\"><\/div>\n\n<div class=\"wp-block-cover is-light\"><span aria-hidden=\"true\" class=\"wp-block-cover__background has-background-dim\"><\/span><img loading=\"lazy\" decoding=\"async\" width=\"2000\" height=\"800\" class=\"wp-block-cover__image-background wp-image-461\" alt=\"Gineta en la nieve\" src=\"https:\/\/zoodelpirineu.com\/wp-content\/uploads\/2023\/02\/Genetta-genetta-1.jpg\" data-object-fit=\"cover\" srcset=\"https:\/\/zoodelpirineu.com\/wp-content\/uploads\/2023\/02\/Genetta-genetta-1.jpg 2000w, https:\/\/zoodelpirineu.com\/wp-content\/uploads\/2023\/02\/Genetta-genetta-1-300x120.jpg 300w, https:\/\/zoodelpirineu.com\/wp-content\/uploads\/2023\/02\/Genetta-genetta-1-1024x410.jpg 1024w, https:\/\/zoodelpirineu.com\/wp-content\/uploads\/2023\/02\/Genetta-genetta-1-768x307.jpg 768w, https:\/\/zoodelpirineu.com\/wp-content\/uploads\/2023\/02\/Genetta-genetta-1-1536x614.jpg 1536w\" sizes=\"auto, (max-width: 2000px) 100vw, 2000px\" \/><div class=\"wp-block-cover__inner-container is-layout-flow wp-block-cover-is-layout-flow\">\n<div class=\"wp-block-columns is-layout-flex wp-container-core-columns-is-layout-9d6595d7 wp-block-columns-is-layout-flex\">\n<div class=\"wp-block-column is-layout-flow wp-block-column-is-layout-flow\"><p><!-- Begin Mailchimp Signup Form -->\n<link href=\"\/\/cdn-images.mailchimp.com\/embedcode\/classic-071822.css\" rel=\"stylesheet\" type=\"text\/css\">\n<style type=\"text\/css\">\n\t#mc_embed_signup{background:##FFFFFF80; clear:left; font:14px Helvetica,Arial,sans-serif; }\n\t\/* Add your own Mailchimp form style overrides in your site stylesheet or in this style block.\n\t   We recommend moving this block and the preceding CSS link to the HEAD of your HTML file. *\/\n<\/style>\n<div id=\"mc_embed_signup\">\n<form action=\"https:\/\/zoodelpirineu.us12.list-manage.com\/subscribe\/post?u=91f43f319e36e9b57aaf8832d&amp;id=517f2e3752&amp;f_id=006f56e0f0\" method=\"post\" id=\"mc-embedded-subscribe-form\" name=\"mc-embedded-subscribe-form\" class=\"validate\" target=\"_blank\" novalidate=\"\">\n<div id=\"mc_embed_signup_scroll\">\n&nbsp;<\/p>\n<h2>Aprende sobre los animales de nuestro pa\u00eds. Suscr\u00edbete al bolet\u00edn.<\/h2>\n<div class=\"mc-field-group\">\n\t<label for=\"mce-FNAME\">Tu nombre  <span class=\"asterisk\">*<\/span><br \/>\n<\/label><br \/>\n\t<input type=\"text\" value=\"\" name=\"FNAME\" class=\"required\" id=\"mce-FNAME\" required=\"\"><br \/>\n\t<span id=\"mce-FNAME-HELPERTEXT\" class=\"helper_text\"><\/span>\n<\/div>\n<div class=\"mc-field-group\">\n\t<label for=\"mce-EMAIL\">Tu correo electr\u00f3nico  <span class=\"asterisk\">*<\/span><br \/>\n<\/label><br \/>\n\t<input type=\"email\" value=\"\" name=\"EMAIL\" class=\"required email\" id=\"mce-EMAIL\" required=\"\"><br \/>\n\t<span id=\"mce-EMAIL-HELPERTEXT\" class=\"helper_text\"><\/span>\n<\/div>\n<div hidden=\"true\"><input type=\"hidden\" name=\"tags\" value=\"10526568\"><\/div>\n<div id=\"mce-responses\" class=\"clear\">\n<div class=\"response\" id=\"mce-error-response\" style=\"display:none\"><\/div>\n<div class=\"response\" id=\"mce-success-response\" style=\"display:none\"><\/div>\n<\/p><\/div>\n<p>    <!-- real people should not fill this in and expect good things - do not remove this or risk form bot signups--><\/p>\n<div style=\"position: absolute; left: -5000px;\" aria-hidden=\"true\"><input type=\"text\" name=\"b_91f43f319e36e9b57aaf8832d_517f2e3752\" tabindex=\"-1\" value=\"\"><\/div>\n<div class=\"clear\"><input type=\"submit\" value=\"Subscribe\" name=\"subscribe\" id=\"mc-embedded-subscribe\" class=\"button\"><\/div>\n<\/p><\/div>\n<\/form>\n<\/div>\n<p><script type=\"text\/javascript\" src=\"\/\/s3.amazonaws.com\/downloads.mailchimp.com\/js\/mc-validate.js\"><\/script><script type=\"text\/javascript\">(function($) {window.fnames = new Array(); window.ftypes = new Array();fnames[0]='EMAIL';ftypes[0]='email';fnames[1]='FNAME';ftypes[1]='text';fnames[3]='ADDRESS';ftypes[3]='address';fnames[4]='PHONE';ftypes[4]='phone'; \/*\n * Translated default messages for the $ validation plugin.\n * Locale: ES\n *\/\n$.extend($.validator.messages, {\n  required: \"Este campo es obligatorio.\",\n  remote: \"Por favor, rellena este campo.\",\n  email: \"Por favor, escribe una direcci\u00f3n de correo v\u00e1lida\",\n  url: \"Por favor, escribe una URL v\u00e1lida.\",\n  date: \"Por favor, escribe una fecha v\u00e1lida.\",\n  dateISO: \"Por favor, escribe una fecha (ISO) v\u00e1lida.\",\n  number: \"Por favor, escribe un n\u00famero entero v\u00e1lido.\",\n  digits: \"Por favor, escribe s\u00f3lo d\u00edgitos.\",\n  creditcard: \"Por favor, escribe un n\u00famero de tarjeta v\u00e1lido.\",\n  equalTo: \"Por favor, escribe el mismo valor de nuevo.\",\n  accept: \"Por favor, escribe un valor con una extensi\u00f3n aceptada.\",\n  maxlength: $.validator.format(\"Por favor, no escribas m\u00e1s de {0} caracteres.\"),\n  minlength: $.validator.format(\"Por favor, no escribas menos de {0} caracteres.\"),\n  rangelength: $.validator.format(\"Por favor, escribe un valor entre {0} y {1} caracteres.\"),\n  range: $.validator.format(\"Por favor, escribe un valor entre {0} y {1}.\"),\n  max: $.validator.format(\"Por favor, escribe un valor menor o igual a {0}.\"),\n  min: $.validator.format(\"Por favor, escribe un valor mayor o igual a {0}.\")\n});}(jQuery));var $mcj = jQuery.noConflict(true);<\/script><br \/>\n<!--End mc_embed_signup--><\/p>\n<\/div>\n\n\n\n<div class=\"wp-block-column is-layout-flow wp-block-column-is-layout-flow\"><\/div>\n\n\n\n<div class=\"wp-block-column is-layout-flow wp-block-column-is-layout-flow\"><\/div>\n<\/div>\n<\/div><\/div>\n\n<p><\/p>\n","protected":false},"excerpt":{"rendered":"<p>La geneta \u00e9s un animal nocturn molt t\u00edmid. Durant el dia dorm en amagatalls, a la nit surt a ca\u00e7ar. Per qu\u00e8 serveix la seva llarga cua? Llegeix-ho en aquest article.<\/p>\n","protected":false},"author":1,"featured_media":451,"parent":1958,"menu_order":0,"comment_status":"closed","ping_status":"open","template":"","meta":{"om_disable_all_campaigns":false,"_monsterinsights_skip_tracking":false,"_monsterinsights_sitenote_active":false,"_monsterinsights_sitenote_note":"","_monsterinsights_sitenote_category":0,"footnotes":""},"class_list":["post-480","page","type-page","status-publish","has-post-thumbnail"],"aioseo_notices":[],"_links":{"self":[{"href":"https:\/\/zoodelpirineu.com\/ca\/wp-json\/wp\/v2\/pages\/480","targetHints":{"allow":["GET"]}}],"collection":[{"href":"https:\/\/zoodelpirineu.com\/ca\/wp-json\/wp\/v2\/pages"}],"about":[{"href":"https:\/\/zoodelpirineu.com\/ca\/wp-json\/wp\/v2\/types\/page"}],"author":[{"embeddable":true,"href":"https:\/\/zoodelpirineu.com\/ca\/wp-json\/wp\/v2\/users\/1"}],"replies":[{"embeddable":true,"href":"https:\/\/zoodelpirineu.com\/ca\/wp-json\/wp\/v2\/comments?post=480"}],"version-history":[{"count":6,"href":"https:\/\/zoodelpirineu.com\/ca\/wp-json\/wp\/v2\/pages\/480\/revisions"}],"predecessor-version":[{"id":583,"href":"https:\/\/zoodelpirineu.com\/ca\/wp-json\/wp\/v2\/pages\/480\/revisions\/583"}],"up":[{"embeddable":true,"href":"https:\/\/zoodelpirineu.com\/ca\/wp-json\/wp\/v2\/pages\/1958"}],"wp:featuredmedia":[{"embeddable":true,"href":"https:\/\/zoodelpirineu.com\/ca\/wp-json\/wp\/v2\/media\/451"}],"wp:attachment":[{"href":"https:\/\/zoodelpirineu.com\/ca\/wp-json\/wp\/v2\/media?parent=480"}],"curies":[{"name":"wp","href":"https:\/\/api.w.org\/{rel}","templated":true}]}}