{"id":4860,"date":"2025-08-20T07:34:28","date_gmt":"2025-08-20T06:34:28","guid":{"rendered":"https:\/\/zoodelpirineu.com\/sobre-nosaltres\/treballa-amb-nosaltres\/ofertes-de-feina\/"},"modified":"2025-08-20T08:33:36","modified_gmt":"2025-08-20T07:33:36","slug":"ofertes-de-feina","status":"publish","type":"page","link":"https:\/\/zoodelpirineu.com\/ca\/sobre-nosaltres\/treballa-amb-nosaltres\/ofertes-de-feina\/","title":{"rendered":"Ofertes de feina"},"content":{"rendered":"\n<div class=\"wp-block-cover\"><img loading=\"lazy\" decoding=\"async\" width=\"1024\" height=\"410\" class=\"wp-block-cover__image-background wp-image-4849 size-large\" alt=\"\" src=\"https:\/\/zoodelpirineu.com\/wp-content\/uploads\/2025\/08\/ofertadetrabajoenelzoodelpirineu-1024x410.jpg\" style=\"object-position:43% 27%\" data-object-fit=\"cover\" data-object-position=\"43% 27%\" srcset=\"https:\/\/zoodelpirineu.com\/wp-content\/uploads\/2025\/08\/ofertadetrabajoenelzoodelpirineu-1024x410.jpg 1024w, https:\/\/zoodelpirineu.com\/wp-content\/uploads\/2025\/08\/ofertadetrabajoenelzoodelpirineu-300x120.jpg 300w, https:\/\/zoodelpirineu.com\/wp-content\/uploads\/2025\/08\/ofertadetrabajoenelzoodelpirineu-768x307.jpg 768w, https:\/\/zoodelpirineu.com\/wp-content\/uploads\/2025\/08\/ofertadetrabajoenelzoodelpirineu-1536x614.jpg 1536w, https:\/\/zoodelpirineu.com\/wp-content\/uploads\/2025\/08\/ofertadetrabajoenelzoodelpirineu.jpg 2000w\" sizes=\"auto, (max-width: 1024px) 100vw, 1024px\" \/><span aria-hidden=\"true\" class=\"wp-block-cover__background has-contrast-background-color has-background-dim\"><\/span><div class=\"wp-block-cover__inner-container is-layout-constrained wp-block-cover-is-layout-constrained\">\n<p class=\"has-text-align-center has-large-font-size\">Ara mateix no tenim vacants&#8230; per\u00f2 s\u00ed oportunitats per a tu!<\/p>\n<\/div><\/div>\n\n<div style=\"height:100px\" aria-hidden=\"true\" class=\"wp-block-spacer\"><\/div>\n\n<div class=\"wp-block-columns is-layout-flex wp-container-core-columns-is-layout-9d6595d7 wp-block-columns-is-layout-flex\">\n<div class=\"wp-block-column is-layout-flow wp-block-column-is-layout-flow\" style=\"flex-basis:20%\"><\/div>\n\n\n\n<div class=\"wp-block-column has-base-background-color has-background is-layout-flow wp-block-column-is-layout-flow\" style=\"flex-basis:50%\">\n<div style=\"height:20px\" aria-hidden=\"true\" class=\"wp-block-spacer\"><\/div>\n\n\n\n<div class=\"wp-block-columns is-layout-flex wp-container-core-columns-is-layout-9d6595d7 wp-block-columns-is-layout-flex\">\n<div class=\"wp-block-column is-layout-flow wp-block-column-is-layout-flow\" style=\"flex-basis:5%\"><\/div>\n\n\n\n<div class=\"wp-block-column is-layout-flow wp-block-column-is-layout-flow\">\n<p class=\"has-text-align-center\">Actualment no podem contractar nou personal: com que no rebem finan\u00e7ament p\u00fablic, destinem tots els recursos a tenir cura dels animals rescatats.<\/p>\n\n\n\n<p class=\"has-text-align-center\">El que s\u00ed que t\u2019oferim \u00e9s l\u2019oportunitat de <strong>sumar experi\u00e8ncia i comprom\u00eds<\/strong> a trav\u00e9s del voluntariat i les pr\u00e0ctiques formatives.<\/p>\n<\/div>\n\n\n\n<div class=\"wp-block-column is-layout-flow wp-block-column-is-layout-flow\" style=\"flex-basis:5%\"><\/div>\n<\/div>\n<\/div>\n\n\n\n<div class=\"wp-block-column is-layout-flow wp-block-column-is-layout-flow\" style=\"flex-basis:20%\"><\/div>\n<\/div>\n\n<div style=\"height:100px\" aria-hidden=\"true\" class=\"wp-block-spacer\"><\/div>\n\n<div class=\"wp-block-columns is-layout-flex wp-container-core-columns-is-layout-9d6595d7 wp-block-columns-is-layout-flex\">\n<div class=\"wp-block-column is-layout-flow wp-block-column-is-layout-flow\" style=\"flex-basis:25%\"><\/div>\n\n\n\n<div class=\"wp-block-column is-layout-flow wp-block-column-is-layout-flow\" style=\"flex-basis:50%\"><div class=\"wp-block-image\">\n<figure class=\"aligncenter size-full is-resized\"><img loading=\"lazy\" decoding=\"async\" width=\"320\" height=\"213\" src=\"https:\/\/zoodelpirineu.com\/wp-content\/uploads\/2025\/07\/voluntariadoicono.png\" alt=\"\" class=\"wp-image-4518\" style=\"width:auto;height:80px\" srcset=\"https:\/\/zoodelpirineu.com\/wp-content\/uploads\/2025\/07\/voluntariadoicono.png 320w, https:\/\/zoodelpirineu.com\/wp-content\/uploads\/2025\/07\/voluntariadoicono-300x200.png 300w\" sizes=\"auto, (max-width: 320px) 100vw, 320px\" \/><\/figure>\n<\/div>\n\n\n<h2 class=\"wp-block-heading has-text-align-center\">Voluntariat<\/h2>\n\n\n\n<p class=\"has-text-align-center\">Fes-te voluntari\/a: la teva ajuda compta.<\/p>\n\n\n\n<ul class=\"wp-block-list\">\n<li>Viu de prop el dia a dia d\u2019un refugi de fauna salvatge.<\/li>\n\n\n\n<li>Contribueix directament al benestar dels animals.<\/li>\n\n\n\n<li>Comparteix l\u2019experi\u00e8ncia amb un equip apassionat.<\/li>\n<\/ul>\n\n\n\n<div class=\"wp-block-buttons is-layout-flex wp-block-buttons-is-layout-flex\">\n<div class=\"wp-block-button has-custom-width wp-block-button__width-100\"><a class=\"wp-block-button__link wp-element-button\" href=\"https:\/\/zoodelpirineu.com\/ca\/sobre-nosaltres\/treballa-amb-nosaltres\/voluntariat-amb-animals-salvatges\/\" style=\"border-radius:0px\">Descobreix com ser voluntari\/a<\/a><\/div>\n<\/div>\n<\/div>\n\n\n\n<div class=\"wp-block-column is-layout-flow wp-block-column-is-layout-flow\" style=\"flex-basis:50%\"><div class=\"wp-block-image\">\n<figure class=\"aligncenter size-full is-resized\"><img loading=\"lazy\" decoding=\"async\" width=\"320\" height=\"213\" src=\"https:\/\/zoodelpirineu.com\/wp-content\/uploads\/2025\/08\/formacionpicto.png\" alt=\"\" class=\"wp-image-4764\" style=\"width:auto;height:80px\" srcset=\"https:\/\/zoodelpirineu.com\/wp-content\/uploads\/2025\/08\/formacionpicto.png 320w, https:\/\/zoodelpirineu.com\/wp-content\/uploads\/2025\/08\/formacionpicto-300x200.png 300w\" sizes=\"auto, (max-width: 320px) 100vw, 320px\" \/><\/figure>\n<\/div>\n\n\n<h2 class=\"wp-block-heading has-text-align-center\">Pr\u00e0ctiques<\/h2>\n\n\n\n<p class=\"has-text-align-center\">Apr\u00e8n al costat de la fauna salvatge i marca la difer\u00e8ncia.<\/p>\n\n\n\n<ul class=\"wp-block-list\">\n<li>Forma\u2019t al costat de professionals del sector.<\/li>\n\n\n\n<li>Participa en projectes d\u2019educaci\u00f3 ambiental i conservaci\u00f3.<\/li>\n\n\n\n<li>Apr\u00e8n en contacte directe amb els animals.<\/li>\n<\/ul>\n\n\n\n<div class=\"wp-block-buttons is-layout-flex wp-block-buttons-is-layout-flex\">\n<div class=\"wp-block-button has-custom-width wp-block-button__width-100\"><a class=\"wp-block-button__link wp-element-button\" href=\"https:\/\/zoodelpirineu.com\/ca\/sobre-nosaltres\/treballa-amb-nosaltres\/practiques-a-l-empresa\/\" style=\"border-radius:0px\">Informa\u2019t sobre les pr\u00e0ctiques<\/a><\/div>\n<\/div>\n<\/div>\n\n\n\n<div class=\"wp-block-column is-layout-flow wp-block-column-is-layout-flow\" style=\"flex-basis:25%\"><\/div>\n<\/div>\n\n<div style=\"height:100px\" aria-hidden=\"true\" class=\"wp-block-spacer\"><\/div>\n\n<div class=\"wp-block-columns is-layout-flex wp-container-core-columns-is-layout-9d6595d7 wp-block-columns-is-layout-flex\">\n<div class=\"wp-block-column is-layout-flow wp-block-column-is-layout-flow\" style=\"flex-basis:15%\"><\/div>\n\n\n\n<div class=\"wp-block-column is-vertically-aligned-center has-base-background-color has-background is-layout-flow wp-block-column-is-layout-flow\">\n<div class=\"wp-block-columns are-vertically-aligned-center is-layout-flex wp-container-core-columns-is-layout-9d6595d7 wp-block-columns-is-layout-flex\">\n<div class=\"wp-block-column is-vertically-aligned-center is-layout-flow wp-block-column-is-layout-flow\" style=\"flex-basis:50%\">\n<figure class=\"wp-block-video\"><video height=\"1088\" style=\"aspect-ratio: 1920 \/ 1088;\" width=\"1920\" controls=\"\" src=\"https:\/\/zoodelpirineu.com\/wp-content\/uploads\/2025\/08\/Equip-Voluntaris-Alba-Corb-Phineas-2018-07-23.mp4\"><\/video><\/figure>\n<\/div>\n\n\n\n<div class=\"wp-block-column is-vertically-aligned-center is-layout-flow wp-block-column-is-layout-flow\">\n<p>\u201cViure uns mesos com a volunt\u00e0ria al Zoo del Pirineu va ser incre\u00efble. No nom\u00e9s vaig aprendre sobre fauna salvatge, tamb\u00e9 vaig sentir que el meu temps tenia un prop\u00f2sit.\u201d<br\/>\u2014 <em>Alba, exvolunt\u00e0ria<\/em><\/p>\n<\/div>\n<\/div>\n<\/div>\n\n\n\n<div class=\"wp-block-column is-layout-flow wp-block-column-is-layout-flow\" style=\"flex-basis:15%\"><\/div>\n<\/div>\n\n<div style=\"height:100px\" aria-hidden=\"true\" class=\"wp-block-spacer\"><\/div>\n\n<div class=\"wp-block-cover\"><img loading=\"lazy\" decoding=\"async\" width=\"1024\" height=\"410\" class=\"wp-block-cover__image-background wp-image-4842 size-large\" alt=\"\" src=\"https:\/\/zoodelpirineu.com\/wp-content\/uploads\/2025\/08\/aguilaculebrera-1024x410.jpg\" data-object-fit=\"cover\" srcset=\"https:\/\/zoodelpirineu.com\/wp-content\/uploads\/2025\/08\/aguilaculebrera-1024x410.jpg 1024w, https:\/\/zoodelpirineu.com\/wp-content\/uploads\/2025\/08\/aguilaculebrera-300x120.jpg 300w, https:\/\/zoodelpirineu.com\/wp-content\/uploads\/2025\/08\/aguilaculebrera-768x307.jpg 768w, https:\/\/zoodelpirineu.com\/wp-content\/uploads\/2025\/08\/aguilaculebrera-1536x614.jpg 1536w, https:\/\/zoodelpirineu.com\/wp-content\/uploads\/2025\/08\/aguilaculebrera.jpg 2000w\" sizes=\"auto, (max-width: 1024px) 100vw, 1024px\" \/><span aria-hidden=\"true\" class=\"wp-block-cover__background has-contrast-background-color has-background-dim\"><\/span><div class=\"wp-block-cover__inner-container is-layout-constrained wp-block-cover-is-layout-constrained\">\n<div style=\"height:40px\" aria-hidden=\"true\" class=\"wp-block-spacer\"><\/div>\n\n\n\n<p class=\"has-text-align-center has-large-font-size\">Ara potser no podem oferir-te una feina, per\u00f2 s\u00ed una cosa encara m\u00e9s valuosa:<br\/>l\u2019oportunitat d\u2019aprendre, ajudar i formar part d\u2019una missi\u00f3 que protegeix la fauna salvatge.<br\/>Vols formar-ne part?<\/p>\n\n\n\n<div class=\"wp-block-columns is-layout-flex wp-container-core-columns-is-layout-9d6595d7 wp-block-columns-is-layout-flex\">\n<div class=\"wp-block-column is-layout-flow wp-block-column-is-layout-flow\">\n<div class=\"wp-block-buttons has-custom-font-size has-medium-font-size is-content-justification-center is-layout-flex wp-container-core-buttons-is-layout-16018d1d wp-block-buttons-is-layout-flex\">\n<div class=\"wp-block-button\"><a class=\"wp-block-button__link wp-element-button\" href=\"https:\/\/zoodelpirineu.com\/ca\/sobre-nosaltres\/treballa-amb-nosaltres\/voluntariat-amb-animals-salvatges\/\" style=\"border-radius:0px\">Descobreix el voluntariat<\/a><\/div>\n<\/div>\n<\/div>\n\n\n\n<div class=\"wp-block-column is-layout-flow wp-block-column-is-layout-flow\"><\/div>\n\n\n\n<div class=\"wp-block-column is-layout-flow wp-block-column-is-layout-flow\">\n<div class=\"wp-block-buttons has-custom-font-size has-medium-font-size is-content-justification-center is-layout-flex wp-container-core-buttons-is-layout-16018d1d wp-block-buttons-is-layout-flex\">\n<div class=\"wp-block-button\"><a class=\"wp-block-button__link wp-element-button\" href=\"https:\/\/zoodelpirineu.com\/ca\/sobre-nosaltres\/treballa-amb-nosaltres\/practiques-a-l-empresa\/\" style=\"border-radius:0px\">Informa\u2019t sobre les pr\u00e0ctiques<\/a><\/div>\n<\/div>\n<\/div>\n<\/div>\n\n\n\n<div style=\"height:40px\" aria-hidden=\"true\" class=\"wp-block-spacer\"><\/div>\n<\/div><\/div>\n","protected":false},"excerpt":{"rendered":"<p>Actualment no podem contractar nou personal: com que no rebem finan\u00e7ament p\u00fablic, destinem tots els recursos a tenir cura dels animals rescatats. El que s\u00ed &#8230; <\/p>\n<p class=\"read-more-container\"><a title=\"Ofertes de feina\" class=\"read-more button\" href=\"https:\/\/zoodelpirineu.com\/ca\/sobre-nosaltres\/treballa-amb-nosaltres\/ofertes-de-feina\/#more-4860\" aria-label=\"M\u00e9s informaci\u00f3 sobre Ofertes de feina\">Read more<\/a><\/p>\n","protected":false},"author":1,"featured_media":0,"parent":538,"menu_order":0,"comment_status":"closed","ping_status":"closed","template":"","meta":{"om_disable_all_campaigns":false,"_monsterinsights_skip_tracking":false,"_monsterinsights_sitenote_active":false,"_monsterinsights_sitenote_note":"","_monsterinsights_sitenote_category":0,"footnotes":""},"class_list":["post-4860","page","type-page","status-publish"],"aioseo_notices":[],"_links":{"self":[{"href":"https:\/\/zoodelpirineu.com\/ca\/wp-json\/wp\/v2\/pages\/4860","targetHints":{"allow":["GET"]}}],"collection":[{"href":"https:\/\/zoodelpirineu.com\/ca\/wp-json\/wp\/v2\/pages"}],"about":[{"href":"https:\/\/zoodelpirineu.com\/ca\/wp-json\/wp\/v2\/types\/page"}],"author":[{"embeddable":true,"href":"https:\/\/zoodelpirineu.com\/ca\/wp-json\/wp\/v2\/users\/1"}],"replies":[{"embeddable":true,"href":"https:\/\/zoodelpirineu.com\/ca\/wp-json\/wp\/v2\/comments?post=4860"}],"version-history":[{"count":3,"href":"https:\/\/zoodelpirineu.com\/ca\/wp-json\/wp\/v2\/pages\/4860\/revisions"}],"predecessor-version":[{"id":4863,"href":"https:\/\/zoodelpirineu.com\/ca\/wp-json\/wp\/v2\/pages\/4860\/revisions\/4863"}],"up":[{"embeddable":true,"href":"https:\/\/zoodelpirineu.com\/ca\/wp-json\/wp\/v2\/pages\/538"}],"wp:attachment":[{"href":"https:\/\/zoodelpirineu.com\/ca\/wp-json\/wp\/v2\/media?parent=4860"}],"curies":[{"name":"wp","href":"https:\/\/api.w.org\/{rel}","templated":true}]}}