{"id":5109,"date":"2022-07-10T14:55:47","date_gmt":"2022-07-10T13:55:47","guid":{"rendered":"https:\/\/zoodelpirineu.com\/sobre-nosaltres\/laia-sanchez-golobart-veterinaria-de-fauna-salvatge\/"},"modified":"2025-08-28T05:27:16","modified_gmt":"2025-08-28T04:27:16","slug":"laia-sanchez-golobart-veterinaria-de-fauna-salvatge","status":"publish","type":"page","link":"https:\/\/zoodelpirineu.com\/ca\/sobre-nosaltres\/laia-sanchez-golobart-veterinaria-de-fauna-salvatge\/","title":{"rendered":"Laia Sanchez Golobart, veterin\u00e0ria de fauna salvatge al Pirineu"},"content":{"rendered":"\n<div class=\"wp-block-media-text alignwide is-stacked-on-mobile has-background\" style=\"background-color:#fef6f2\"><figure class=\"wp-block-media-text__media\"><img loading=\"lazy\" decoding=\"async\" width=\"800\" height=\"600\" src=\"https:\/\/zoodelpirineu.com\/wp-content\/uploads\/2025\/08\/laiasanchezgolobartveterinariadefaunasalvatge.jpg\" alt=\"Laia S\u00e1nchez Golobart, veterin\u00e0ria de fauna salvatge\" class=\"wp-image-5111 size-full\" srcset=\"https:\/\/zoodelpirineu.com\/wp-content\/uploads\/2025\/08\/laiasanchezgolobartveterinariadefaunasalvatge.jpg 800w, https:\/\/zoodelpirineu.com\/wp-content\/uploads\/2025\/08\/laiasanchezgolobartveterinariadefaunasalvatge-300x225.jpg 300w, https:\/\/zoodelpirineu.com\/wp-content\/uploads\/2025\/08\/laiasanchezgolobartveterinariadefaunasalvatge-768x576.jpg 768w\" sizes=\"auto, (max-width: 800px) 100vw, 800px\" \/><\/figure><div class=\"wp-block-media-text__content\">\n<div style=\"height:10px\" aria-hidden=\"true\" class=\"wp-block-spacer\"><\/div>\n\n\n\n<p>Soc la <strong>Laia S\u00e1nchez Golobart<\/strong>, veterin\u00e0ria de fauna salvatge i educadora al <strong>Zoo del Pirineu<\/strong>. M&#8217;encarrego de la salut dels animals rescatats, de la formaci\u00f3 dels futurs professionals i de la gesti\u00f3 legal del centre.<\/p>\n\n\n\n<p><strong>Formaci\u00f3 acad\u00e8mica<\/strong>: <a href=\"https:\/\/www.uab.cat\/web\/estudiar\/listado-de-grados\/informacion-general\/veterinaria-1216708258897.html?param1=1263367158989\" target=\"_blank\" rel=\"noreferrer noopener\" title=\"Grau en Veterin&#xE0;ria per la Universitat Aut&#xF2;noma de Barcelona\">Grau en Veterin\u00e0ria per la Universitat Aut\u00f2noma de Barcelona<\/a><\/p>\n\n\n\n<p><strong>Associacions professionals<\/strong>: <a href=\"https:\/\/www.eazwv.org\/\" target=\"_blank\" rel=\"noopener\" title=\"EAZWV\">Membre de l\u2019EAZWV<\/a><\/p>\n\n\n\n<p><strong>Doc\u00e8ncia: <\/strong>Professora del <a href=\"https:\/\/visitar.zoodelpirineu.com\/ca\/curs-per-a-veterinaris\/\" title=\"Curs pr&#xE0;ctic per a veterinaris\">curs pr\u00e0ctic per a estudiants de veterin\u00e0ria<\/a><\/p>\n\n\n\n<p><strong><strong>All\u00f2 que m\u00e9s m\u2019agrada<\/strong><\/strong>: caminar per la muntanya i a la platja, observar ocells i descobrir nous indrets viatjant.<\/p>\n\n\n\n<p><strong>Qu\u00e8 no m\u2019agrada<\/strong>: El desordre. I em poso nerviosa quan alg\u00fa no ent\u00e9n la meva manera d\u2019organitzar (una mica quadriculada\u2026). Ah, i tampoc m\u2019agrada el tom\u00e0quet. <\/p>\n<\/div><\/div>\n\n<div style=\"height:100px\" aria-hidden=\"true\" class=\"wp-block-spacer\"><\/div>\n\n<h2 class=\"wp-block-heading\">El meu repte personal per al 2025<\/h2>\n\n<p>Cada any arriben al refugi animals en situacions cr\u00edtiques: atropellaments, electrocucions, trets o maltractaments. Per poder oferir-los una atenci\u00f3 veterin\u00e0ria de qualitat, necessitem urgentment una <strong>m\u00e0quina de raigs X<\/strong>. <\/p>\n\n<p><strong>Cost aproximat: 23.000\u202f\u20ac.<\/strong> Amb la teva ajuda, podrem diagnosticar amb precisi\u00f3 i salvar m\u00e9s vides. <\/p>\n\n<div class=\"wp-block-buttons is-layout-flex wp-block-buttons-is-layout-flex\">\n<div class=\"wp-block-button\"><a class=\"wp-block-button__link wp-element-button\" href=\"https:\/\/zoodelpirineu.com\/ca\/donacio\/ajuda-urgent-per-a-animals-salvatges\/\" style=\"border-radius:0px\">Fes la teva donaci\u00f3 per a la m\u00e0quina de raigs X<\/a><\/div>\n<\/div>\n\n<div style=\"height:100px\" aria-hidden=\"true\" class=\"wp-block-spacer\"><\/div>\n\n<h2 class=\"wp-block-heading\">La vida de la Laia S\u00e1nchez abans del Zoo del Pirineu<\/h2>\n\n<h3 class=\"wp-block-heading\">De la inf\u00e0ncia a la vocaci\u00f3<\/h3>\n\n<p>Des de petita vaig sentir fascinaci\u00f3 per tot tipus d\u2019animals: dom\u00e8stics, salvatges i de granja. Aquesta passi\u00f3 em va portar a dedicar la meva vida a la veterin\u00e0ria de fauna salvatge. <\/p>\n\n<div class=\"wp-block-columns is-layout-flex wp-container-core-columns-is-layout-9d6595d7 wp-block-columns-is-layout-flex\">\n<div class=\"wp-block-column is-layout-flow wp-block-column-is-layout-flow\">\n<h3 class=\"wp-block-heading has-text-align-center\">Inf\u00e0ncia<\/h3>\n\n\n\n<figure class=\"wp-block-image size-large\"><img loading=\"lazy\" decoding=\"async\" width=\"931\" height=\"1024\" src=\"https:\/\/zoodelpirineu.com\/wp-content\/uploads\/2025\/08\/laiasanchezgolobartinfancia-931x1024.jpg\" alt=\"Laia acariciant un animal a la granja, mostrant la seva passi&#xF3; des de petita pels animals. Veterin&#xE0;ria de fauna salvatge amb vocaci&#xF3; des de la inf&#xE0;ncia. \" class=\"wp-image-5115\" srcset=\"https:\/\/zoodelpirineu.com\/wp-content\/uploads\/2025\/08\/laiasanchezgolobartinfancia-931x1024.jpg 931w, https:\/\/zoodelpirineu.com\/wp-content\/uploads\/2025\/08\/laiasanchezgolobartinfancia-273x300.jpg 273w, https:\/\/zoodelpirineu.com\/wp-content\/uploads\/2025\/08\/laiasanchezgolobartinfancia-768x845.jpg 768w, https:\/\/zoodelpirineu.com\/wp-content\/uploads\/2025\/08\/laiasanchezgolobartinfancia.jpg 1000w\" sizes=\"auto, (max-width: 931px) 100vw, 931px\" \/><\/figure>\n\n\n\n<p class=\"has-text-align-center\">Ja de petita m&#8217;encantaven els animals, tant dom\u00e8stics com salvatges i de granja.<\/p>\n<\/div>\n\n\n\n<div class=\"wp-block-column is-layout-flow wp-block-column-is-layout-flow\">\n<h3 class=\"wp-block-heading has-text-align-center\">Universitat<\/h3>\n\n\n\n<figure class=\"wp-block-image size-large\"><img loading=\"lazy\" decoding=\"async\" width=\"931\" height=\"1024\" src=\"https:\/\/zoodelpirineu.com\/wp-content\/uploads\/2025\/08\/laiasanchezgolobartuniversidadveterinaria-931x1024.jpg\" alt=\"Laia Sanchez Golobart sostenint un porquet en bra&#xE7;os durant les pr&#xE0;ctiques universit&#xE0;ries en una granja. La formaci&#xF3; inicial d&#x2019;una futura veterin&#xE0;ria de fauna salvatge. \" class=\"wp-image-5118\" srcset=\"https:\/\/zoodelpirineu.com\/wp-content\/uploads\/2025\/08\/laiasanchezgolobartuniversidadveterinaria-931x1024.jpg 931w, https:\/\/zoodelpirineu.com\/wp-content\/uploads\/2025\/08\/laiasanchezgolobartuniversidadveterinaria-273x300.jpg 273w, https:\/\/zoodelpirineu.com\/wp-content\/uploads\/2025\/08\/laiasanchezgolobartuniversidadveterinaria-768x845.jpg 768w, https:\/\/zoodelpirineu.com\/wp-content\/uploads\/2025\/08\/laiasanchezgolobartuniversidadveterinaria.jpg 1000w\" sizes=\"auto, (max-width: 931px) 100vw, 931px\" \/><\/figure>\n\n\n\n<p class=\"has-text-align-center\">Durant la universitat vaig fer pr\u00e0ctiques en una granja de porcs: s\u00f3n molt divertits&#8230; per\u00f2 criden molt\u00edssim!<\/p>\n<\/div>\n\n\n\n<div class=\"wp-block-column is-layout-flow wp-block-column-is-layout-flow\">\n<h3 class=\"wp-block-heading has-text-align-center\">Pr\u00e0ctiques als EUA<\/h3>\n\n\n\n<figure class=\"wp-block-image size-large\"><img loading=\"lazy\" decoding=\"async\" width=\"931\" height=\"1024\" src=\"https:\/\/zoodelpirineu.com\/wp-content\/uploads\/2025\/08\/laiasanchezgolobartpractiquasenusa-931x1024.jpg\" alt=\"Veterin&#xE0;ria en pr&#xE0;ctiques a SeaWorld Texas. Experi&#xE8;ncia internacional en fauna salvatge. \" class=\"wp-image-5121\" srcset=\"https:\/\/zoodelpirineu.com\/wp-content\/uploads\/2025\/08\/laiasanchezgolobartpractiquasenusa-931x1024.jpg 931w, https:\/\/zoodelpirineu.com\/wp-content\/uploads\/2025\/08\/laiasanchezgolobartpractiquasenusa-273x300.jpg 273w, https:\/\/zoodelpirineu.com\/wp-content\/uploads\/2025\/08\/laiasanchezgolobartpractiquasenusa-768x845.jpg 768w, https:\/\/zoodelpirineu.com\/wp-content\/uploads\/2025\/08\/laiasanchezgolobartpractiquasenusa.jpg 1000w\" sizes=\"auto, (max-width: 931px) 100vw, 931px\" \/><\/figure>\n\n\n\n<p class=\"has-text-align-center\">Despr\u00e9s d\u2019acabar la universitat vaig fer pr\u00e0ctiques al <a href=\"https:\/\/seaworld.com\/san-antonio\/\" target=\"_blank\" rel=\"noreferrer noopener\" title=\"SeaWorld de Texas\">SeaWorld de Texas<\/a>.<\/p>\n<\/div>\n\n\n\n<div class=\"wp-block-column is-layout-flow wp-block-column-is-layout-flow\">\n<h3 class=\"wp-block-heading has-text-align-center\">Pr\u00e0ctiques a Espanya<\/h3>\n\n\n\n<figure class=\"wp-block-image size-large\"><img loading=\"lazy\" decoding=\"async\" width=\"931\" height=\"1024\" src=\"https:\/\/zoodelpirineu.com\/wp-content\/uploads\/2025\/08\/laiasanchezgolobartconfaunamarina-931x1024.jpg\" alt=\"Veterin&#xE0;ria en pr&#xE0;ctiques a l&#x2019;Oceanogr&#xE0;fic de Val&#xE8;ncia, treballant amb una beluga. Especialitzaci&#xF3; en fauna salvatge marina. \" class=\"wp-image-5124\" srcset=\"https:\/\/zoodelpirineu.com\/wp-content\/uploads\/2025\/08\/laiasanchezgolobartconfaunamarina-931x1024.jpg 931w, https:\/\/zoodelpirineu.com\/wp-content\/uploads\/2025\/08\/laiasanchezgolobartconfaunamarina-273x300.jpg 273w, https:\/\/zoodelpirineu.com\/wp-content\/uploads\/2025\/08\/laiasanchezgolobartconfaunamarina-768x845.jpg 768w, https:\/\/zoodelpirineu.com\/wp-content\/uploads\/2025\/08\/laiasanchezgolobartconfaunamarina.jpg 1000w\" sizes=\"auto, (max-width: 931px) 100vw, 931px\" \/><\/figure>\n\n\n\n<p class=\"has-text-align-center\">Vaig fer pr\u00e0ctiques a <a href=\"https:\/\/www.oceanografic.org\/\" target=\"_blank\" rel=\"noreferrer noopener\" title=\"Oceanogr&#xE0;fic de Val&#xE8;ncia\">l\u2019Oceanogr\u00e0fic de Val\u00e8ncia<\/a>, un dels centres marins m\u00e9s grans d\u2019Europa.<\/p>\n<\/div>\n\n\n\n<div class=\"wp-block-column is-layout-flow wp-block-column-is-layout-flow\">\n<h3 class=\"wp-block-heading has-text-align-center\">Trabajo en Filipinas<\/h3>\n\n\n\n<figure class=\"wp-block-image size-large\"><img loading=\"lazy\" decoding=\"async\" width=\"931\" height=\"1024\" src=\"https:\/\/zoodelpirineu.com\/wp-content\/uploads\/2025\/08\/laiasanchezgolobartveterinariadefaunasalvaje-931x1024.jpg\" alt=\"Veterin&#xE0;ria manipulant un ratpenat en un centre de recuperaci&#xF3; de fauna salvatge a Filipines. Primer treball en conservaci&#xF3; i rescat \" class=\"wp-image-5127\" srcset=\"https:\/\/zoodelpirineu.com\/wp-content\/uploads\/2025\/08\/laiasanchezgolobartveterinariadefaunasalvaje-931x1024.jpg 931w, https:\/\/zoodelpirineu.com\/wp-content\/uploads\/2025\/08\/laiasanchezgolobartveterinariadefaunasalvaje-273x300.jpg 273w, https:\/\/zoodelpirineu.com\/wp-content\/uploads\/2025\/08\/laiasanchezgolobartveterinariadefaunasalvaje-768x845.jpg 768w, https:\/\/zoodelpirineu.com\/wp-content\/uploads\/2025\/08\/laiasanchezgolobartveterinariadefaunasalvaje.jpg 1000w\" sizes=\"auto, (max-width: 931px) 100vw, 931px\" \/><\/figure>\n\n\n\n<p class=\"has-text-align-center\">La meva primera feina com a veterin\u00e0ria va ser en un centre de recuperaci\u00f3 de fauna salvatge a Filipines, a la <a href=\"https:\/\/wildlifeinneed.org\/\" target=\"_blank\" rel=\"noreferrer noopener\" title=\"Wildlife in Need Foundation\">Wildlife in Need Foundation<\/a>.<\/p>\n<\/div>\n\n\n\n<div class=\"wp-block-column is-layout-flow wp-block-column-is-layout-flow\">\n<h3 class=\"wp-block-heading has-text-align-center\">Anglaterra<\/h3>\n\n\n\n<figure class=\"wp-block-image size-large\"><img loading=\"lazy\" decoding=\"async\" width=\"931\" height=\"1024\" src=\"https:\/\/zoodelpirineu.com\/wp-content\/uploads\/2025\/08\/laiasanchezgolobartveterinaria-931x1024.jpg\" alt=\"Laia Sanchez Golobart amb tres cr&#xED;es de xoriguers.\" class=\"wp-image-5130\" srcset=\"https:\/\/zoodelpirineu.com\/wp-content\/uploads\/2025\/08\/laiasanchezgolobartveterinaria-931x1024.jpg 931w, https:\/\/zoodelpirineu.com\/wp-content\/uploads\/2025\/08\/laiasanchezgolobartveterinaria-273x300.jpg 273w, https:\/\/zoodelpirineu.com\/wp-content\/uploads\/2025\/08\/laiasanchezgolobartveterinaria-768x845.jpg 768w, https:\/\/zoodelpirineu.com\/wp-content\/uploads\/2025\/08\/laiasanchezgolobartveterinaria.jpg 1000w\" sizes=\"auto, (max-width: 931px) 100vw, 931px\" \/><\/figure>\n\n\n\n<p class=\"has-text-align-center\">La meva segona experi\u00e8ncia com a veterin\u00e0ria va ser al centre de recuperaci\u00f3 de fauna salvatge m\u00e9s gran del Regne Unit, gestionat per la <a href=\"https:\/\/www.rspca.org.uk\" target=\"_blank\" rel=\"noreferrer noopener\" title=\"RSPCA\">RSPCA<\/a>.<\/p>\n<\/div>\n<\/div>\n\n<div style=\"height:100px\" aria-hidden=\"true\" class=\"wp-block-spacer\"><\/div>\n\n<h2 class=\"wp-block-heading\">El meu treball al Zoo del Pirineu<\/h2>\n\n<p>Actualment s\u00f3c la responsable veterin\u00e0ria de fauna salvatge al centre de rescat del Zoo del Pirineu, on cada animal t\u00e9 una hist\u00f2ria \u00fanica i una segona oportunitat. Les meves funcions principals inclouen: <\/p>\n\n<h3 class=\"wp-block-heading\">Atenci\u00f3 veterin\u00e0ria, nutrici\u00f3 i benestar<\/h3>\n\n<div class=\"wp-block-columns is-layout-flex wp-container-core-columns-is-layout-9d6595d7 wp-block-columns-is-layout-flex\">\n<div class=\"wp-block-column has-base-background-color has-background is-layout-flow wp-block-column-is-layout-flow\">\n<figure class=\"wp-block-image size-full\"><img loading=\"lazy\" decoding=\"async\" width=\"800\" height=\"600\" src=\"https:\/\/zoodelpirineu.com\/wp-content\/uploads\/2025\/08\/laiasanchezoperandounajinetasalvaje.jpg\" alt=\"Veterin&#xE0;ria de fauna salvatge operant una geneta ferida al quir&#xF2;fan del centre de rescat.\" class=\"wp-image-5133\" srcset=\"https:\/\/zoodelpirineu.com\/wp-content\/uploads\/2025\/08\/laiasanchezoperandounajinetasalvaje.jpg 800w, https:\/\/zoodelpirineu.com\/wp-content\/uploads\/2025\/08\/laiasanchezoperandounajinetasalvaje-300x225.jpg 300w, https:\/\/zoodelpirineu.com\/wp-content\/uploads\/2025\/08\/laiasanchezoperandounajinetasalvaje-768x576.jpg 768w\" sizes=\"auto, (max-width: 800px) 100vw, 800px\" \/><\/figure>\n\n\n\n<p class=\"has-text-align-center\">Realitzo operacions als animals que arriben al centre de rescat amb lesions greus.<\/p>\n<\/div>\n\n\n\n<div class=\"wp-block-column has-base-background-color has-background is-layout-flow wp-block-column-is-layout-flow\">\n<figure class=\"wp-block-image size-full\"><img loading=\"lazy\" decoding=\"async\" width=\"800\" height=\"600\" src=\"https:\/\/zoodelpirineu.com\/wp-content\/uploads\/2025\/08\/laiasanchezveterinariaconunzorro.jpg\" alt=\"Veterin&#xE0;ria de fauna salvatge revisant una guineu al Zoo del Pirineu, garantint el seu benestar i salut.\" class=\"wp-image-5136\" srcset=\"https:\/\/zoodelpirineu.com\/wp-content\/uploads\/2025\/08\/laiasanchezveterinariaconunzorro.jpg 800w, https:\/\/zoodelpirineu.com\/wp-content\/uploads\/2025\/08\/laiasanchezveterinariaconunzorro-300x225.jpg 300w, https:\/\/zoodelpirineu.com\/wp-content\/uploads\/2025\/08\/laiasanchezveterinariaconunzorro-768x576.jpg 768w\" sizes=\"auto, (max-width: 800px) 100vw, 800px\" \/><\/figure>\n\n\n\n<p class=\"has-text-align-center\">Soc la responsable de la salut dels habitants del refugi Zoo del Pirineu.<\/p>\n<\/div>\n\n\n\n<div class=\"wp-block-column has-base-background-color has-background is-layout-flow wp-block-column-is-layout-flow\">\n<figure class=\"wp-block-image size-full\"><img loading=\"lazy\" decoding=\"async\" width=\"800\" height=\"600\" src=\"https:\/\/zoodelpirineu.com\/wp-content\/uploads\/2025\/08\/laiasalchezprofilaxisdelosanimales.jpg\" alt=\"Veterin&#xE0;ria de fauna salvatge observant mostres d&#x2019;excrements sota el microscopi per prevenir malalties.\" class=\"wp-image-5139\" srcset=\"https:\/\/zoodelpirineu.com\/wp-content\/uploads\/2025\/08\/laiasalchezprofilaxisdelosanimales.jpg 800w, https:\/\/zoodelpirineu.com\/wp-content\/uploads\/2025\/08\/laiasalchezprofilaxisdelosanimales-300x225.jpg 300w, https:\/\/zoodelpirineu.com\/wp-content\/uploads\/2025\/08\/laiasalchezprofilaxisdelosanimales-768x576.jpg 768w\" sizes=\"auto, (max-width: 800px) 100vw, 800px\" \/><\/figure>\n\n\n\n<p class=\"has-text-align-center\">Dedico molt de temps a analitzar excrements (s\u00ed, les caques) per detectar a temps possibles amenaces per a la salut dels animals.<\/p>\n<\/div>\n\n\n\n<div class=\"wp-block-column has-base-background-color has-background is-layout-flow wp-block-column-is-layout-flow\">\n<figure class=\"wp-block-image size-full\"><img loading=\"lazy\" decoding=\"async\" width=\"800\" height=\"600\" src=\"https:\/\/zoodelpirineu.com\/wp-content\/uploads\/2025\/08\/dietadeanimales.jpg\" alt=\"Veterin&#xE0;ria de fauna salvatge supervisant l&#x2019;alimentaci&#xF3; d&#x2019;un porc senglar al refugi, dissenyant dietes adequades.\" class=\"wp-image-5142\" srcset=\"https:\/\/zoodelpirineu.com\/wp-content\/uploads\/2025\/08\/dietadeanimales.jpg 800w, https:\/\/zoodelpirineu.com\/wp-content\/uploads\/2025\/08\/dietadeanimales-300x225.jpg 300w, https:\/\/zoodelpirineu.com\/wp-content\/uploads\/2025\/08\/dietadeanimales-768x576.jpg 768w\" sizes=\"auto, (max-width: 800px) 100vw, 800px\" \/><\/figure>\n\n\n\n<p class=\"has-text-align-center\">Dissenyo i superviso l&#8217;alimentaci\u00f3 de totes les esp\u00e8cies del refugi.<\/p>\n<\/div>\n<\/div>\n\n<h3 class=\"wp-block-heading\">Formaci\u00f3 de professionals<\/h3>\n\n<div class=\"wp-block-columns is-layout-flex wp-container-core-columns-is-layout-9d6595d7 wp-block-columns-is-layout-flex\">\n<div class=\"wp-block-column has-base-background-color has-background is-layout-flow wp-block-column-is-layout-flow\">\n<figure class=\"wp-block-image size-full\"><img loading=\"lazy\" decoding=\"async\" width=\"800\" height=\"600\" src=\"https:\/\/zoodelpirineu.com\/wp-content\/uploads\/2025\/08\/cursoparaveterinarios.jpg\" alt=\"Veterin&#xE0;ria de fauna salvatge impartint cursos pr&#xE0;ctics per a veterinaris i auxiliars en la cura animal.\" class=\"wp-image-5145\" srcset=\"https:\/\/zoodelpirineu.com\/wp-content\/uploads\/2025\/08\/cursoparaveterinarios.jpg 800w, https:\/\/zoodelpirineu.com\/wp-content\/uploads\/2025\/08\/cursoparaveterinarios-300x225.jpg 300w, https:\/\/zoodelpirineu.com\/wp-content\/uploads\/2025\/08\/cursoparaveterinarios-768x576.jpg 768w\" sizes=\"auto, (max-width: 800px) 100vw, 800px\" \/><\/figure>\n\n\n\n<p class=\"has-text-align-center\">Imparteixo cursos especialitzats per a veterinaris i auxiliars t\u00e8cnics.<\/p>\n\n\n\n<div class=\"wp-block-buttons is-layout-flex wp-block-buttons-is-layout-flex\">\n<div class=\"wp-block-button has-custom-width wp-block-button__width-100\"><a class=\"wp-block-button__link has-text-align-center wp-element-button\" style=\"border-radius:0px\">Curs per a veterinaris<\/a><\/div>\n<\/div>\n<\/div>\n\n\n\n<div class=\"wp-block-column has-base-background-color has-background is-layout-flow wp-block-column-is-layout-flow\">\n<figure class=\"wp-block-image size-full\"><img loading=\"lazy\" decoding=\"async\" width=\"800\" height=\"600\" src=\"https:\/\/zoodelpirineu.com\/wp-content\/uploads\/2025\/08\/saladequarentena.jpg\" alt=\"Veterin&#xE0;ria de fauna salvatge guiant estudiants en pr&#xE0;ctiques mentre atenen un animal al refugi.\" class=\"wp-image-5148\" srcset=\"https:\/\/zoodelpirineu.com\/wp-content\/uploads\/2025\/08\/saladequarentena.jpg 800w, https:\/\/zoodelpirineu.com\/wp-content\/uploads\/2025\/08\/saladequarentena-300x225.jpg 300w, https:\/\/zoodelpirineu.com\/wp-content\/uploads\/2025\/08\/saladequarentena-768x576.jpg 768w\" sizes=\"auto, (max-width: 800px) 100vw, 800px\" \/><\/figure>\n\n\n\n<p class=\"has-text-align-center\">Tutoritzo les <strong>pr\u00e0ctiques <\/strong>on els estudiants adquireixen experi\u00e8ncia directa en la cura d&#8217;animals salvatges.<\/p>\n\n\n\n<div class=\"wp-block-buttons is-layout-flex wp-block-buttons-is-layout-flex\">\n<div class=\"wp-block-button has-custom-width wp-block-button__width-100\"><a class=\"wp-block-button__link wp-element-button\" href=\"https:\/\/zoodelpirineu.com\/ca\/sobre-nosaltres\/treballa-amb-nosaltres\/practiques-a-l-empresa\/\" style=\"border-radius:0px\">Pr\u00e0ctiques al Zoo del Pirineu<\/a><\/div>\n<\/div>\n<\/div>\n\n\n\n<div class=\"wp-block-column has-base-background-color has-background is-layout-flow wp-block-column-is-layout-flow\">\n<figure class=\"wp-block-image size-full\"><img loading=\"lazy\" decoding=\"async\" width=\"800\" height=\"600\" src=\"https:\/\/zoodelpirineu.com\/wp-content\/uploads\/2025\/08\/formaciondecuidadoresdeanimalessalvajes.jpg\" alt=\"Veterin&#xE0;ria de fauna salvatge dirigint una sessi&#xF3; de formaci&#xF3; cont&#xED;nua per al personal del centre de rescat.\" class=\"wp-image-5151\" srcset=\"https:\/\/zoodelpirineu.com\/wp-content\/uploads\/2025\/08\/formaciondecuidadoresdeanimalessalvajes.jpg 800w, https:\/\/zoodelpirineu.com\/wp-content\/uploads\/2025\/08\/formaciondecuidadoresdeanimalessalvajes-300x225.jpg 300w, https:\/\/zoodelpirineu.com\/wp-content\/uploads\/2025\/08\/formaciondecuidadoresdeanimalessalvajes-768x576.jpg 768w\" sizes=\"auto, (max-width: 800px) 100vw, 800px\" \/><\/figure>\n\n\n\n<p class=\"has-text-align-center\"><strong>Formaci\u00f3 cont\u00ednua de l\u2019equip<\/strong><br\/>Dirigeixo programes interns de <strong>benestar animal<\/strong> per garantir els est\u00e0ndards m\u00e9s alts en la cura dels animals al Zoo.<\/p>\n<\/div>\n\n\n\n<div class=\"wp-block-column has-base-background-color has-background is-layout-flow wp-block-column-is-layout-flow\">\n<figure class=\"wp-block-image size-full\"><img loading=\"lazy\" decoding=\"async\" width=\"800\" height=\"600\" src=\"https:\/\/zoodelpirineu.com\/wp-content\/uploads\/2025\/08\/laiasanchezenelzoodelospirineos.jpg\" alt=\"Veterin&#xE0;ria de fauna salvatge explicant als visitants en activitats educatives i de sensibilitzaci&#xF3; al refugi.\" class=\"wp-image-5154\" srcset=\"https:\/\/zoodelpirineu.com\/wp-content\/uploads\/2025\/08\/laiasanchezenelzoodelospirineos.jpg 800w, https:\/\/zoodelpirineu.com\/wp-content\/uploads\/2025\/08\/laiasanchezenelzoodelospirineos-300x225.jpg 300w, https:\/\/zoodelpirineu.com\/wp-content\/uploads\/2025\/08\/laiasanchezenelzoodelospirineos-768x576.jpg 768w\" sizes=\"auto, (max-width: 800px) 100vw, 800px\" \/><\/figure>\n\n\n\n<p class=\"has-text-align-center\"><strong>Educaci\u00f3 i sensibilitzaci\u00f3<\/strong>: acompanyo els visitants en activitats educatives i visites escolars.<\/p>\n<\/div>\n<\/div>\n\n<div class=\"wp-block-columns is-layout-flex wp-container-core-columns-is-layout-9d6595d7 wp-block-columns-is-layout-flex\">\n<div class=\"wp-block-column is-layout-flow wp-block-column-is-layout-flow\">\n<h3 class=\"wp-block-heading has-text-align-center\">Gesti\u00f3 legal<\/h3>\n\n\n\n<figure class=\"wp-block-image size-large\"><img loading=\"lazy\" decoding=\"async\" width=\"931\" height=\"1024\" src=\"https:\/\/zoodelpirineu.com\/wp-content\/uploads\/2025\/08\/laiasanchezpartelegaldezoo-931x1024.jpg\" alt=\"Veterin&#xE0;ria de fauna salvatge revisant documentaci&#xF3; i treballant a l&#x2019;ordinador per a la gesti&#xF3; del refugi.\" class=\"wp-image-5157\" srcset=\"https:\/\/zoodelpirineu.com\/wp-content\/uploads\/2025\/08\/laiasanchezpartelegaldezoo-931x1024.jpg 931w, https:\/\/zoodelpirineu.com\/wp-content\/uploads\/2025\/08\/laiasanchezpartelegaldezoo-273x300.jpg 273w, https:\/\/zoodelpirineu.com\/wp-content\/uploads\/2025\/08\/laiasanchezpartelegaldezoo-768x845.jpg 768w, https:\/\/zoodelpirineu.com\/wp-content\/uploads\/2025\/08\/laiasanchezpartelegaldezoo.jpg 1000w\" sizes=\"auto, (max-width: 931px) 100vw, 931px\" \/><\/figure>\n\n\n\n<p class=\"has-text-align-center\">M\u2019encarrego de la part legal m\u00e9s complexa del treball amb fauna salvatge: permisos, registres i normatives oficials. \u00c9s una tasca exigent, per\u00f2 imprescindible per garantir el benestar dels animals i la transpar\u00e8ncia del Zoo del Pirineu. <\/p>\n<\/div>\n\n\n\n<div class=\"wp-block-column is-layout-flow wp-block-column-is-layout-flow\">\n<h3 class=\"wp-block-heading has-text-align-center\">Conservaci\u00f3<\/h3>\n\n\n\n<figure class=\"wp-block-image size-large\"><img loading=\"lazy\" decoding=\"async\" width=\"931\" height=\"1024\" src=\"https:\/\/zoodelpirineu.com\/wp-content\/uploads\/2025\/08\/laiasanchezproyectosdeinvestigacion-931x1024.jpg\" alt=\"Veterin&#xE0;ria de fauna salvatge col&#xB7;laborant amb estudiants en practiques en projectes de conservaci&#xF3;.\" class=\"wp-image-5160\" srcset=\"https:\/\/zoodelpirineu.com\/wp-content\/uploads\/2025\/08\/laiasanchezproyectosdeinvestigacion-931x1024.jpg 931w, https:\/\/zoodelpirineu.com\/wp-content\/uploads\/2025\/08\/laiasanchezproyectosdeinvestigacion-273x300.jpg 273w, https:\/\/zoodelpirineu.com\/wp-content\/uploads\/2025\/08\/laiasanchezproyectosdeinvestigacion-768x845.jpg 768w, https:\/\/zoodelpirineu.com\/wp-content\/uploads\/2025\/08\/laiasanchezproyectosdeinvestigacion.jpg 1000w\" sizes=\"auto, (max-width: 931px) 100vw, 931px\" \/><\/figure>\n\n\n\n<p class=\"has-text-align-center\">Coordino els projectes de conservaci\u00f3 i recerca que desenvolupa la Fundaci\u00f3 Zoo del Pirineu, sempre amb un objectiu clar: protegir la fauna aut\u00f2ctona i contribuir al coneixement cient\u00edfic sobre la vida salvatge.<\/p>\n<\/div>\n\n\n\n<div class=\"wp-block-column is-layout-flow wp-block-column-is-layout-flow\">\n<h3 class=\"wp-block-heading has-text-align-center\">Construcci\u00f3<\/h3>\n\n\n\n<figure class=\"wp-block-image size-large\"><img loading=\"lazy\" decoding=\"async\" width=\"931\" height=\"1024\" src=\"https:\/\/zoodelpirineu.com\/wp-content\/uploads\/2025\/08\/equipodelzoodelospirineos-931x1024.jpg\" alt=\"Veterin&#xE0;ria de fauna salvatge amb l&#x2019;equip del Zoo del Pirineu al bosc, treballant units pels animals.\" class=\"wp-image-5163\" srcset=\"https:\/\/zoodelpirineu.com\/wp-content\/uploads\/2025\/08\/equipodelzoodelospirineos-931x1024.jpg 931w, https:\/\/zoodelpirineu.com\/wp-content\/uploads\/2025\/08\/equipodelzoodelospirineos-273x300.jpg 273w, https:\/\/zoodelpirineu.com\/wp-content\/uploads\/2025\/08\/equipodelzoodelospirineos-768x845.jpg 768w, https:\/\/zoodelpirineu.com\/wp-content\/uploads\/2025\/08\/equipodelzoodelospirineos.jpg 1000w\" sizes=\"auto, (max-width: 931px) 100vw, 931px\" \/><\/figure>\n\n\n\n<p class=\"has-text-align-center\">Quan necessitem noves instal\u00b7lacions per als animals, les constru\u00efm nosaltres mateixos en equip. Cada membre hi aporta el seu esfor\u00e7 i coneixement, transformant la manca de recursos en una oportunitat de cohesi\u00f3 i comprom\u00eds compartit. <\/p>\n<\/div>\n<\/div>\n\n<div style=\"height:100px\" aria-hidden=\"true\" class=\"wp-block-spacer\"><\/div>\n\n<div class=\"wp-block-cover\"><img loading=\"lazy\" decoding=\"async\" width=\"800\" height=\"600\" class=\"wp-block-cover__image-background wp-image-4660 size-full\" alt=\"Laia Sanchez Golobart inspecciona una cria de zorro que fue ingresado en el centro de rescate.\" src=\"https:\/\/zoodelpirineu.com\/wp-content\/uploads\/2025\/08\/criadezorrorescatada.jpg\" data-object-fit=\"cover\" srcset=\"https:\/\/zoodelpirineu.com\/wp-content\/uploads\/2025\/08\/criadezorrorescatada.jpg 800w, https:\/\/zoodelpirineu.com\/wp-content\/uploads\/2025\/08\/criadezorrorescatada-300x225.jpg 300w, https:\/\/zoodelpirineu.com\/wp-content\/uploads\/2025\/08\/criadezorrorescatada-768x576.jpg 768w\" sizes=\"auto, (max-width: 800px) 100vw, 800px\" \/><span aria-hidden=\"true\" class=\"wp-block-cover__background has-contrast-background-color has-background-dim\"><\/span><div class=\"wp-block-cover__inner-container is-layout-constrained wp-block-cover-is-layout-constrained\">\n<p class=\"has-text-align-center has-large-font-size\">Uneix-te a la meva missi\u00f3<\/p>\n\n\n\n<p class=\"has-text-align-center\">Ser veterin\u00e0ria de fauna salvatge no \u00e9s nom\u00e9s una professi\u00f3: \u00e9s el meu comprom\u00eds amb la natura.<br\/>Per\u00f2 <strong>no ho puc fer sola<\/strong>: cada dia arriben animals que depenen de la nostra ajuda.<\/p>\n\n\n\n<div class=\"wp-block-buttons is-content-justification-center is-layout-flex wp-container-core-buttons-is-layout-16018d1d wp-block-buttons-is-layout-flex\">\n<div class=\"wp-block-button\"><a class=\"wp-block-button__link has-medium-font-size has-custom-font-size wp-element-button\" style=\"border-radius:0px\"><strong>Dona ara i col\u00b7labora amb la feina veterin\u00e0ria al Zoo del Pirineu<\/strong><\/a><\/div>\n<\/div>\n\n\n\n<div style=\"height:40px\" aria-hidden=\"true\" class=\"wp-block-spacer\"><\/div>\n\n\n\n<p class=\"has-text-align-center\">Amb el teu suport, podrem fer diagn\u00f2stics m\u00e9s r\u00e0pids i salvar la vida de centenars d\u2019animals salvatges.<\/p>\n\n\n\n<div style=\"height:40px\" aria-hidden=\"true\" class=\"wp-block-spacer\"><\/div>\n<\/div><\/div>\n","protected":false},"excerpt":{"rendered":"<p>Laia Sanchez Golobart \u00e9s la veterin\u00e0ria titular de la Fundaci\u00f3 Zoo del Pirineu. Descobreix la seva traject\u00f2ria, les seves responsabilitats i com vetlla pel benestar dels animals salvatges rescatats a Catalunya. <\/p>\n","protected":false},"author":1,"featured_media":0,"parent":706,"menu_order":0,"comment_status":"closed","ping_status":"closed","template":"","meta":{"om_disable_all_campaigns":false,"_monsterinsights_skip_tracking":false,"_monsterinsights_sitenote_active":false,"_monsterinsights_sitenote_note":"","_monsterinsights_sitenote_category":0,"footnotes":""},"class_list":["post-5109","page","type-page","status-publish"],"aioseo_notices":[],"_links":{"self":[{"href":"https:\/\/zoodelpirineu.com\/ca\/wp-json\/wp\/v2\/pages\/5109","targetHints":{"allow":["GET"]}}],"collection":[{"href":"https:\/\/zoodelpirineu.com\/ca\/wp-json\/wp\/v2\/pages"}],"about":[{"href":"https:\/\/zoodelpirineu.com\/ca\/wp-json\/wp\/v2\/types\/page"}],"author":[{"embeddable":true,"href":"https:\/\/zoodelpirineu.com\/ca\/wp-json\/wp\/v2\/users\/1"}],"replies":[{"embeddable":true,"href":"https:\/\/zoodelpirineu.com\/ca\/wp-json\/wp\/v2\/comments?post=5109"}],"version-history":[{"count":4,"href":"https:\/\/zoodelpirineu.com\/ca\/wp-json\/wp\/v2\/pages\/5109\/revisions"}],"predecessor-version":[{"id":5178,"href":"https:\/\/zoodelpirineu.com\/ca\/wp-json\/wp\/v2\/pages\/5109\/revisions\/5178"}],"up":[{"embeddable":true,"href":"https:\/\/zoodelpirineu.com\/ca\/wp-json\/wp\/v2\/pages\/706"}],"wp:attachment":[{"href":"https:\/\/zoodelpirineu.com\/ca\/wp-json\/wp\/v2\/media?parent=5109"}],"curies":[{"name":"wp","href":"https:\/\/api.w.org\/{rel}","templated":true}]}}