{"id":902,"date":"2023-03-05T09:43:07","date_gmt":"2023-03-05T08:43:07","guid":{"rendered":"https:\/\/zoodelpirineu.com\/oliba-comuna\/"},"modified":"2025-03-23T07:44:36","modified_gmt":"2025-03-23T06:44:36","slug":"oliba-comuna","status":"publish","type":"page","link":"https:\/\/zoodelpirineu.com\/ca\/animals\/oliba-comuna\/","title":{"rendered":"\u00d2liba comuna"},"content":{"rendered":"\n<div class=\"wp-block-cover\"><span aria-hidden=\"true\" class=\"wp-block-cover__background has-background-dim\"><\/span><img loading=\"lazy\" decoding=\"async\" width=\"2000\" height=\"800\" class=\"wp-block-cover__image-background wp-image-815\" alt=\"Lechuza com\u00fan\" src=\"https:\/\/zoodelpirineu.com\/wp-content\/uploads\/2023\/03\/Lachuza-comun.jpg\" data-object-fit=\"cover\" srcset=\"https:\/\/zoodelpirineu.com\/wp-content\/uploads\/2023\/03\/Lachuza-comun.jpg 2000w, https:\/\/zoodelpirineu.com\/wp-content\/uploads\/2023\/03\/Lachuza-comun-300x120.jpg 300w, https:\/\/zoodelpirineu.com\/wp-content\/uploads\/2023\/03\/Lachuza-comun-1024x410.jpg 1024w, https:\/\/zoodelpirineu.com\/wp-content\/uploads\/2023\/03\/Lachuza-comun-768x307.jpg 768w, https:\/\/zoodelpirineu.com\/wp-content\/uploads\/2023\/03\/Lachuza-comun-1536x614.jpg 1536w\" sizes=\"auto, (max-width: 2000px) 100vw, 2000px\" \/><div class=\"wp-block-cover__inner-container is-layout-flow wp-block-cover-is-layout-flow\">\n<div style=\"height:100px\" aria-hidden=\"true\" class=\"wp-block-spacer\"><\/div>\n\n\n\n<p class=\"has-text-align-center has-large-font-size\">L&#8217;\u00f2liba amb les seves plomes suaus i el seu vol silenci\u00f3s<br\/>protegeix els nostres camps dels ratolins.<\/p>\n\n\n\n<div style=\"height:100px\" aria-hidden=\"true\" class=\"wp-block-spacer\"><\/div>\n<\/div><\/div>\n\n<div style=\"height:100px\" aria-hidden=\"true\" class=\"wp-block-spacer\"><\/div>\n\n<div class=\"wp-block-columns are-vertically-aligned-center is-layout-flex wp-container-core-columns-is-layout-9d6595d7 wp-block-columns-is-layout-flex\">\n<div class=\"wp-block-column is-vertically-aligned-center is-layout-flow wp-block-column-is-layout-flow\" style=\"flex-basis:10%\"><\/div>\n\n\n\n<div class=\"wp-block-column is-vertically-aligned-center is-layout-flow wp-block-column-is-layout-flow\">\n<h2 class=\"wp-block-heading\">Nom<\/h2>\n\n\n\n<ul class=\"wp-block-list\">\n<li>Nom cient\u00edfic: <em>Tyto alba<\/em><\/li>\n\n\n\n<li>Castell\u00e0: Lechuza com\u00fan<\/li>\n\n\n\n<li>Catal\u00e0: \u00d2liba \/ Xibeca<\/li>\n\n\n\n<li>Euskera: Hontz zuri<\/li>\n\n\n\n<li>Gallec: Curuxa com\u00fan<\/li>\n<\/ul>\n<\/div>\n\n\n\n<div class=\"wp-block-column is-vertically-aligned-center is-layout-flow wp-block-column-is-layout-flow\">\n<h2 class=\"wp-block-heading\">Classificaci\u00f3<\/h2>\n\n\n\n<ul class=\"wp-block-list\">\n<li>Classe: Aus<\/li>\n\n\n\n<li>Ordre: Mussols<\/li>\n\n\n\n<li>Fam\u00edlia: \u00d2libes<\/li>\n\n\n\n<li>Esp\u00e8cie: \u00d2liba comuna<\/li>\n<\/ul>\n<\/div>\n\n\n\n<div class=\"wp-block-column is-vertically-aligned-center is-layout-flow wp-block-column-is-layout-flow\" style=\"flex-basis:10%\"><\/div>\n<\/div>\n\n<div style=\"height:60px\" aria-hidden=\"true\" class=\"wp-block-spacer\"><\/div>\n\n<div class=\"wp-block-columns are-vertically-aligned-center has-base-2-background-color has-background is-layout-flex wp-container-core-columns-is-layout-9d6595d7 wp-block-columns-is-layout-flex\">\n<div class=\"wp-block-column is-vertically-aligned-center is-layout-flow wp-block-column-is-layout-flow\" style=\"flex-basis:10%\"><\/div>\n\n\n\n<div class=\"wp-block-column is-vertically-aligned-center is-layout-flow wp-block-column-is-layout-flow\">\n<h2 class=\"wp-block-heading\">Grau de protecci\u00f3 de l&#8217;\u00f2liba comuna<\/h2>\n\n\n\n<h3 class=\"wp-block-heading\">A nivell mundial<\/h3>\n\n\n\n<p>L&#8217;\u00f2liba comuna \u00e9s un animal protegit mundialment.<\/p>\n\n\n\n<figure class=\"wp-block-image size-medium\"><img loading=\"lazy\" decoding=\"async\" width=\"300\" height=\"80\" src=\"https:\/\/zoodelpirineu.com\/wp-content\/uploads\/2023\/01\/Status_iucn_ESsvg_-300x80.png\" alt=\"Grau de protecci&#xF3; de l'&#xF2;liba comuna\" class=\"wp-image-426\" srcset=\"https:\/\/zoodelpirineu.com\/wp-content\/uploads\/2023\/01\/Status_iucn_ESsvg_-300x80.png 300w, https:\/\/zoodelpirineu.com\/wp-content\/uploads\/2023\/01\/Status_iucn_ESsvg_-1024x273.png 1024w, https:\/\/zoodelpirineu.com\/wp-content\/uploads\/2023\/01\/Status_iucn_ESsvg_-768x205.png 768w, https:\/\/zoodelpirineu.com\/wp-content\/uploads\/2023\/01\/Status_iucn_ESsvg_-1536x410.png 1536w, https:\/\/zoodelpirineu.com\/wp-content\/uploads\/2023\/01\/Status_iucn_ESsvg_.png 1920w\" sizes=\"auto, (max-width: 300px) 100vw, 300px\" \/><\/figure>\n<\/div>\n\n\n\n<div class=\"wp-block-column is-vertically-aligned-center is-layout-flow wp-block-column-is-layout-flow\">\n<h3 class=\"wp-block-heading\">A Espanya<\/h3>\n\n\n\n<p>L&#8217;\u00f2liba comuna est\u00e0 catalogada com a \u00aben perill\u00bb al <a href=\"https:\/\/www.uicn.es\/\" target=\"_blank\" rel=\"noopener\" title=\"Llibre Vermell\">Llibre Vermell<\/a> de les aus d&#8217;Espanya.<\/p>\n\n\n\n<h3 class=\"wp-block-heading\">A Catalunya<\/h3>\n\n\n\n<p>\u00c9s un animal protegit en estat vulnerable.<\/p>\n<\/div>\n\n\n\n<div class=\"wp-block-column is-vertically-aligned-center is-layout-flow wp-block-column-is-layout-flow\" style=\"flex-basis:10%\"><\/div>\n<\/div>\n\n<div style=\"height:60px\" aria-hidden=\"true\" class=\"wp-block-spacer\"><\/div>\n\n<div class=\"wp-block-columns are-vertically-aligned-center is-layout-flex wp-container-core-columns-is-layout-9d6595d7 wp-block-columns-is-layout-flex\">\n<div class=\"wp-block-column is-vertically-aligned-center is-layout-flow wp-block-column-is-layout-flow\" style=\"flex-basis:10%\"><\/div>\n\n\n\n<div class=\"wp-block-column is-vertically-aligned-center is-layout-flow wp-block-column-is-layout-flow\">\n<h2 class=\"wp-block-heading\">Mapa de distribuci\u00f3 de l&#8217;\u00f2liba comuna<\/h2>\n\n\n\n<figure class=\"wp-block-image size-large\"><img loading=\"lazy\" decoding=\"async\" width=\"1024\" height=\"576\" src=\"https:\/\/zoodelpirineu.com\/wp-content\/uploads\/2023\/03\/Lechuza-comun-mapa-de-distribucion-1024x576.jpg\" alt=\"Mapa de distribuci&#xF3; de l'&#xF2;liba comuna\" class=\"wp-image-819\" srcset=\"https:\/\/zoodelpirineu.com\/wp-content\/uploads\/2023\/03\/Lechuza-comun-mapa-de-distribucion-1024x576.jpg 1024w, https:\/\/zoodelpirineu.com\/wp-content\/uploads\/2023\/03\/Lechuza-comun-mapa-de-distribucion-300x169.jpg 300w, https:\/\/zoodelpirineu.com\/wp-content\/uploads\/2023\/03\/Lechuza-comun-mapa-de-distribucion-768x432.jpg 768w, https:\/\/zoodelpirineu.com\/wp-content\/uploads\/2023\/03\/Lechuza-comun-mapa-de-distribucion-1536x864.jpg 1536w, https:\/\/zoodelpirineu.com\/wp-content\/uploads\/2023\/03\/Lechuza-comun-mapa-de-distribucion.jpg 1600w\" sizes=\"auto, (max-width: 1024px) 100vw, 1024px\" \/><figcaption class=\"wp-element-caption\">En gris fosc trobem la distribuci\u00f3 global.<\/figcaption><\/figure>\n<\/div>\n\n\n\n<div class=\"wp-block-column is-vertically-aligned-center is-layout-flow wp-block-column-is-layout-flow\">\n<h2 class=\"wp-block-heading\">Distribuci\u00f3:<\/h2>\n\n\n\n<p>L&#8217;\u00f2liba comuna habita a zones temperades, subtropicals i tropicals d&#8217;\u00c0frica, Europa, Austr\u00e0lia, Am\u00e8rica i sud d&#8217;\u00c0sia. <strong>Aix\u00f2 la converteix en una de les esp\u00e8cies d&#8217;aus m\u00e9s esteses per tot el m\u00f3n.<\/strong><\/p>\n\n\n\n<p>Tot i aix\u00f2, als pa\u00efsos industrials la seva poblaci\u00f3 est\u00e0 disminuint dr\u00e0sticament. Per desgr\u00e0cia, hi ha regions senceres on ja est\u00e0 extingida. <\/p>\n<\/div>\n\n\n\n<div class=\"wp-block-column is-vertically-aligned-center is-layout-flow wp-block-column-is-layout-flow\" style=\"flex-basis:10%\"><\/div>\n<\/div>\n\n<div style=\"height:60px\" aria-hidden=\"true\" class=\"wp-block-spacer\"><\/div>\n\n<div class=\"wp-block-columns are-vertically-aligned-center is-layout-flex wp-container-core-columns-is-layout-9d6595d7 wp-block-columns-is-layout-flex\">\n<div class=\"wp-block-column is-vertically-aligned-center is-layout-flow wp-block-column-is-layout-flow\" style=\"flex-basis:10%\"><\/div>\n\n\n\n<div class=\"wp-block-column is-vertically-aligned-center is-layout-flow wp-block-column-is-layout-flow\">\n<h2 class=\"wp-block-heading\">H\u00e0bitat d&#8217;\u00f2liba comuna<\/h2>\n\n\n\n<figure class=\"wp-block-image size-full\"><img loading=\"lazy\" decoding=\"async\" width=\"800\" height=\"600\" src=\"https:\/\/zoodelpirineu.com\/wp-content\/uploads\/2023\/03\/Silueta-vuelo-lechuza.jpg\" alt=\"&#xD2;liba en vol\" class=\"wp-image-829\" srcset=\"https:\/\/zoodelpirineu.com\/wp-content\/uploads\/2023\/03\/Silueta-vuelo-lechuza.jpg 800w, https:\/\/zoodelpirineu.com\/wp-content\/uploads\/2023\/03\/Silueta-vuelo-lechuza-300x225.jpg 300w, https:\/\/zoodelpirineu.com\/wp-content\/uploads\/2023\/03\/Silueta-vuelo-lechuza-768x576.jpg 768w\" sizes=\"auto, (max-width: 800px) 100vw, 800px\" \/><figcaption class=\"wp-element-caption\">L&#8217;\u00f2liba t\u00e9 les ales molt llargues i necessita espais oberts per volar.<\/figcaption><\/figure>\n<\/div>\n\n\n\n<div class=\"wp-block-column is-vertically-aligned-center is-layout-flow wp-block-column-is-layout-flow\">\n<h3 class=\"wp-block-heading\">A nivell mundial<\/h3>\n\n\n\n<p>En la seva enorme distribuci\u00f3 mundial, l&#8217;\u00f2liba viu en tota mena d&#8217;h\u00e0bitats, <strong>a excepci\u00f3 de<\/strong>:<\/p>\n\n\n\n<ul class=\"wp-block-list\">\n<li>Boscos densos.<\/li>\n\n\n\n<li>Interior de deserts. Necessita acc\u00e9s diari a l&#8217;aigua. <\/li>\n\n\n\n<li>Alta muntanya. No est\u00e0 preparada per sobreviure en un clima fred durant molt de temps. <\/li>\n<\/ul>\n\n\n\n<h3 class=\"wp-block-heading\">A Europa<\/h3>\n\n\n\n<p>Es poden trobar en paisatges agr\u00edcoles oberts amb pobles propers.<\/p>\n<\/div>\n\n\n\n<div class=\"wp-block-column is-vertically-aligned-center is-layout-flow wp-block-column-is-layout-flow\" style=\"flex-basis:10%\"><\/div>\n<\/div>\n\n<div style=\"height:60px\" aria-hidden=\"true\" class=\"wp-block-spacer\"><\/div>\n\n<div class=\"wp-block-columns are-vertically-aligned-center is-layout-flex wp-container-core-columns-is-layout-9d6595d7 wp-block-columns-is-layout-flex\">\n<div class=\"wp-block-column is-vertically-aligned-center is-layout-flow wp-block-column-is-layout-flow\" style=\"flex-basis:10%\"><\/div>\n\n\n\n<div class=\"wp-block-column is-vertically-aligned-center is-layout-flow wp-block-column-is-layout-flow\">\n<h2 class=\"wp-block-heading\">Alimentaci\u00f3<\/h2>\n\n\n\n<figure class=\"wp-block-image size-full\"><img loading=\"lazy\" decoding=\"async\" width=\"800\" height=\"600\" src=\"https:\/\/zoodelpirineu.com\/wp-content\/uploads\/2023\/03\/Lechuza-comun-alimentacion.jpg\" alt=\"Alimentaci&#xF3; d'&#xF2;liba comuna\" class=\"wp-image-824\" srcset=\"https:\/\/zoodelpirineu.com\/wp-content\/uploads\/2023\/03\/Lechuza-comun-alimentacion.jpg 800w, https:\/\/zoodelpirineu.com\/wp-content\/uploads\/2023\/03\/Lechuza-comun-alimentacion-300x225.jpg 300w, https:\/\/zoodelpirineu.com\/wp-content\/uploads\/2023\/03\/Lechuza-comun-alimentacion-768x576.jpg 768w\" sizes=\"auto, (max-width: 800px) 100vw, 800px\" \/><\/figure>\n<\/div>\n\n\n\n<div class=\"wp-block-column is-vertically-aligned-center is-layout-flow wp-block-column-is-layout-flow\">\n<h3 class=\"wp-block-heading\">L&#8217;\u00f2liba comuna \u00e9s carn\u00edvora<\/h3>\n\n\n\n<p>97% de la seva dieta s\u00f3n ratolins. <\/p>\n\n\n\n<p>En casos d&#8217;emerg\u00e8ncia tamb\u00e9 pot ca\u00e7ar:<\/p>\n\n\n\n<ul class=\"wp-block-list\">\n<li>Ratpenats<\/li>\n\n\n\n<li>Petits ocells<\/li>\n\n\n\n<li>Granotes<\/li>\n\n\n\n<li>Insectes<\/li>\n<\/ul>\n<\/div>\n\n\n\n<div class=\"wp-block-column is-vertically-aligned-center is-layout-flow wp-block-column-is-layout-flow\" style=\"flex-basis:10%\"><\/div>\n<\/div>\n\n<div style=\"height:60px\" aria-hidden=\"true\" class=\"wp-block-spacer\"><\/div>\n\n<div class=\"wp-block-columns are-vertically-aligned-center is-layout-flex wp-container-core-columns-is-layout-9d6595d7 wp-block-columns-is-layout-flex\">\n<div class=\"wp-block-column is-vertically-aligned-center is-layout-flow wp-block-column-is-layout-flow\" style=\"flex-basis:10%\"><\/div>\n\n\n\n<div class=\"wp-block-column is-vertically-aligned-center is-layout-flow wp-block-column-is-layout-flow\">\n<h2 class=\"wp-block-heading\">Com ca\u00e7a l&#8217;\u00f2liba?<\/h2>\n\n\n\n<figure class=\"wp-block-image size-full\"><img loading=\"lazy\" decoding=\"async\" width=\"800\" height=\"600\" src=\"https:\/\/zoodelpirineu.com\/wp-content\/uploads\/2023\/03\/Lechuza-es-nocturna.jpg\" alt=\"&#xD2;liba comuna &#xE9;s mussol\" class=\"wp-image-833\" srcset=\"https:\/\/zoodelpirineu.com\/wp-content\/uploads\/2023\/03\/Lechuza-es-nocturna.jpg 800w, https:\/\/zoodelpirineu.com\/wp-content\/uploads\/2023\/03\/Lechuza-es-nocturna-300x225.jpg 300w, https:\/\/zoodelpirineu.com\/wp-content\/uploads\/2023\/03\/Lechuza-es-nocturna-768x576.jpg 768w\" sizes=\"auto, (max-width: 800px) 100vw, 800px\" \/><figcaption class=\"wp-element-caption\">L&#8217;\u00f2liba \u00e9s una au rapinyaire nocturna. Aix\u00f2 vol dir que pertany a l&#8217;ordre dels mussols. <\/figcaption><\/figure>\n<\/div>\n\n\n\n<div class=\"wp-block-column is-vertically-aligned-center is-layout-flow wp-block-column-is-layout-flow\">\n<h3 class=\"wp-block-heading\">L&#8217;\u00f2liba comuna \u00e9s una au nocturna<\/h3>\n\n\n\n<p>Ca\u00e7a durant el crepuscle i la nit. La seva o\u00efda excepcional l&#8217;ajuda a detectar els sorolls que fan els rosegadors. <\/p>\n\n\n\n<h4 class=\"wp-block-heading\">Pot ca\u00e7ar durant el dia?<\/h4>\n\n\n\n<p>L&#8217;\u00f2liba surt de ca\u00e7a durant el dia en casos de: <\/p>\n\n\n\n<ul class=\"wp-block-list\">\n<li>Pluja que no li permeti ca\u00e7ar durant la nit.<\/li>\n\n\n\n<li>Quan t\u00e9 cries i ha d&#8217;assegurar aliments per a tota la fam\u00edlia.<\/li>\n<\/ul>\n<\/div>\n\n\n\n<div class=\"wp-block-column is-vertically-aligned-center is-layout-flow wp-block-column-is-layout-flow\" style=\"flex-basis:10%\"><\/div>\n<\/div>\n\n<div style=\"height:60px\" aria-hidden=\"true\" class=\"wp-block-spacer\"><\/div>\n\n<div class=\"wp-block-columns are-vertically-aligned-center is-layout-flex wp-container-core-columns-is-layout-9d6595d7 wp-block-columns-is-layout-flex\">\n<div class=\"wp-block-column is-vertically-aligned-center is-layout-flow wp-block-column-is-layout-flow\" style=\"flex-basis:10%\"><\/div>\n\n\n\n<div class=\"wp-block-column is-vertically-aligned-center is-layout-flow wp-block-column-is-layout-flow\">\n<h2 class=\"wp-block-heading\">Els costums de l&#8217;\u00f2liba comuna<\/h2>\n\n\n\n<figure class=\"wp-block-image size-full\"><img loading=\"lazy\" decoding=\"async\" width=\"800\" height=\"600\" src=\"https:\/\/zoodelpirineu.com\/wp-content\/uploads\/2023\/03\/Que-hace-lechuza-durante-el-dia.jpg\" alt=\"Qu&#xE8; fa l'&#xF2;liba durant el dia?\" class=\"wp-image-837\" srcset=\"https:\/\/zoodelpirineu.com\/wp-content\/uploads\/2023\/03\/Que-hace-lechuza-durante-el-dia.jpg 800w, https:\/\/zoodelpirineu.com\/wp-content\/uploads\/2023\/03\/Que-hace-lechuza-durante-el-dia-300x225.jpg 300w, https:\/\/zoodelpirineu.com\/wp-content\/uploads\/2023\/03\/Que-hace-lechuza-durante-el-dia-768x576.jpg 768w\" sizes=\"auto, (max-width: 800px) 100vw, 800px\" \/><figcaption class=\"wp-element-caption\">Durant el dia s&#8217;amaga en llocs tranquils i protegits.<\/figcaption><\/figure>\n<\/div>\n\n\n\n<div class=\"wp-block-column is-vertically-aligned-center is-layout-flow wp-block-column-is-layout-flow\">\n<h3 class=\"wp-block-heading\">Qu\u00e8 fa l&#8217;\u00f2liba durant el dia?<\/h3>\n\n\n\n<p>Passa la major part del dia de peu, imm\u00f2bil al seu lloc de descans. Aquest lloc habitualment est\u00e0 lluny del seu niu. <\/p>\n\n\n\n<h3 class=\"wp-block-heading\">On nidifica l&#8217;\u00f2liba comuna?<\/h3>\n\n\n\n<ul class=\"wp-block-list\">\n<li>Graners <\/li>\n\n\n\n<li>Campanars d&#8217;esgl\u00e9sies<\/li>\n\n\n\n<li>Cavitats dels arbres<\/li>\n<\/ul>\n<\/div>\n\n\n\n<div class=\"wp-block-column is-vertically-aligned-center is-layout-flow wp-block-column-is-layout-flow\" style=\"flex-basis:10%\"><\/div>\n<\/div>\n\n<div style=\"height:60px\" aria-hidden=\"true\" class=\"wp-block-spacer\"><\/div>\n\n<div class=\"wp-block-columns are-vertically-aligned-center is-layout-flex wp-container-core-columns-is-layout-9d6595d7 wp-block-columns-is-layout-flex\">\n<div class=\"wp-block-column is-vertically-aligned-center is-layout-flow wp-block-column-is-layout-flow\" style=\"flex-basis:10%\"><\/div>\n\n\n\n<div class=\"wp-block-column is-vertically-aligned-center is-layout-flow wp-block-column-is-layout-flow\">\n<h2 class=\"wp-block-heading\">Preparaci\u00f3 per a la ca\u00e7a<\/h2>\n\n\n\n<figure class=\"wp-block-image size-full\"><img loading=\"lazy\" decoding=\"async\" width=\"800\" height=\"600\" src=\"https:\/\/zoodelpirineu.com\/wp-content\/uploads\/2023\/03\/Costumbres-de-lechuza.jpg\" alt=\"Costums d'&#xF2;liba comuna\" class=\"wp-image-854\" srcset=\"https:\/\/zoodelpirineu.com\/wp-content\/uploads\/2023\/03\/Costumbres-de-lechuza.jpg 800w, https:\/\/zoodelpirineu.com\/wp-content\/uploads\/2023\/03\/Costumbres-de-lechuza-300x225.jpg 300w, https:\/\/zoodelpirineu.com\/wp-content\/uploads\/2023\/03\/Costumbres-de-lechuza-768x576.jpg 768w\" sizes=\"auto, (max-width: 800px) 100vw, 800px\" \/><figcaption class=\"wp-element-caption\">L&#8217;\u00f2liba dedica molt de temps a tenir les plomes en perfecte estat.<\/figcaption><\/figure>\n<\/div>\n\n\n\n<div class=\"wp-block-column is-vertically-aligned-center is-layout-flow wp-block-column-is-layout-flow\">\n<p>Abans d&#8217;iniciar la seva activitat, al vespre, les \u00f2libes s&#8217;estiren i s&#8217;espolsen. Despr\u00e9s es netegen extensament i, amb el seu bec, posen greix a les plomes amb una secreci\u00f3 d&#8217;una gl\u00e0ndula que tenen damunt la seva cua. <\/p>\n\n\n\n<h4 class=\"wp-block-heading\">Higiene<\/h4>\n\n\n\n<p>Els banys i les dutxes de pluja complementen regularment la higiene personal. Tamb\u00e9 els agrada prendre el sol al mat\u00ed. <\/p>\n<\/div>\n\n\n\n<div class=\"wp-block-column is-vertically-aligned-center is-layout-flow wp-block-column-is-layout-flow\" style=\"flex-basis:10%\"><\/div>\n<\/div>\n\n<div style=\"height:60px\" aria-hidden=\"true\" class=\"wp-block-spacer\"><\/div>\n\n<div class=\"wp-block-columns are-vertically-aligned-center is-layout-flex wp-container-core-columns-is-layout-9d6595d7 wp-block-columns-is-layout-flex\">\n<div class=\"wp-block-column is-vertically-aligned-center is-layout-flow wp-block-column-is-layout-flow\" style=\"flex-basis:10%\"><\/div>\n\n\n\n<div class=\"wp-block-column is-vertically-aligned-center is-layout-flow wp-block-column-is-layout-flow\">\n<h2 class=\"wp-block-heading\">Reproducci\u00f3 de l&#8217;\u00f2liba comuna<\/h2>\n\n\n\n<figure class=\"wp-block-image size-full\"><img loading=\"lazy\" decoding=\"async\" width=\"800\" height=\"600\" src=\"https:\/\/zoodelpirineu.com\/wp-content\/uploads\/2023\/03\/Lechuza-nido.jpg\" alt=\"Niu d'&#xF2;liba com&#xFA;\" class=\"wp-image-841\" srcset=\"https:\/\/zoodelpirineu.com\/wp-content\/uploads\/2023\/03\/Lechuza-nido.jpg 800w, https:\/\/zoodelpirineu.com\/wp-content\/uploads\/2023\/03\/Lechuza-nido-300x225.jpg 300w, https:\/\/zoodelpirineu.com\/wp-content\/uploads\/2023\/03\/Lechuza-nido-768x576.jpg 768w\" sizes=\"auto, (max-width: 800px) 100vw, 800px\" \/><figcaption class=\"wp-element-caption\">Mentre la femella cova els ous, el mascle porta el menjar.<\/figcaption><\/figure>\n<\/div>\n\n\n\n<div class=\"wp-block-column is-vertically-aligned-center is-layout-flow wp-block-column-is-layout-flow\">\n<h3 class=\"wp-block-heading\">Parella de per vida<\/h3>\n\n\n\n<p>L&#8217;\u00f2liba, en condicions \u00f2ptimes, forma parella de per vida. Arriba a l&#8217;edat adulta amb escassos 10 mesos d&#8217;edat. <\/p>\n\n\n\n<h4 class=\"wp-block-heading\">Ous<\/h4>\n\n\n\n<p>L&#8217;\u00f2liba pon entre 3 i 12 ous amb dos dies de difer\u00e8ncia. La femella els cova durant 30 dies. Tan aviat com pon el primer ou, comen\u00e7a a covar.  <\/p>\n<\/div>\n\n\n\n<div class=\"wp-block-column is-vertically-aligned-center is-layout-flow wp-block-column-is-layout-flow\" style=\"flex-basis:10%\"><\/div>\n<\/div>\n\n<div style=\"height:60px\" aria-hidden=\"true\" class=\"wp-block-spacer\"><\/div>\n\n<div class=\"wp-block-columns are-vertically-aligned-center is-layout-flex wp-container-core-columns-is-layout-9d6595d7 wp-block-columns-is-layout-flex\">\n<div class=\"wp-block-column is-vertically-aligned-center is-layout-flow wp-block-column-is-layout-flow\" style=\"flex-basis:10%\"><\/div>\n\n\n\n<div class=\"wp-block-column is-vertically-aligned-center is-layout-flow wp-block-column-is-layout-flow\">\n<h2 class=\"wp-block-heading\">Cries d&#8217;\u00f2liba comuna<\/h2>\n\n\n\n<figure class=\"wp-block-image size-full\"><img loading=\"lazy\" decoding=\"async\" width=\"800\" height=\"600\" src=\"https:\/\/zoodelpirineu.com\/wp-content\/uploads\/2023\/03\/Crias-de-lechuza-comun.jpg\" alt=\"Les cries d'&#xF2;liba com&#xFA;\" class=\"wp-image-844\" srcset=\"https:\/\/zoodelpirineu.com\/wp-content\/uploads\/2023\/03\/Crias-de-lechuza-comun.jpg 800w, https:\/\/zoodelpirineu.com\/wp-content\/uploads\/2023\/03\/Crias-de-lechuza-comun-300x225.jpg 300w, https:\/\/zoodelpirineu.com\/wp-content\/uploads\/2023\/03\/Crias-de-lechuza-comun-768x576.jpg 768w\" sizes=\"auto, (max-width: 800px) 100vw, 800px\" \/><figcaption class=\"wp-element-caption\">Les cries d&#8217;\u00f2liba comuna no s&#8217;assemblen en res als animals adults.<\/figcaption><\/figure>\n<\/div>\n\n\n\n<div class=\"wp-block-column is-vertically-aligned-center is-layout-flow wp-block-column-is-layout-flow\">\n<p>Els pollets neixen de forma asincr\u00f2nica, per la qual cosa hi ha pollets amb diferent desenvolupament al mateix niu.<\/p>\n\n\n\n<p>La femella es queda al niu amb les cries durant 3 setmanes, mentre que el mascle els porta menjar. Passat aquest temps ja van a ca\u00e7ar els dos pares. <\/p>\n\n\n\n<h4 class=\"wp-block-heading\">Ca\u00efnisme<\/h4>\n\n\n\n<p>Si no hi ha prou menjar per a tothom, la mare mata les cries febles. Alimenta amb elles els altres pollets. Aix\u00ed tenen m\u00e9s probabilitats de sobreviure.  <\/p>\n<\/div>\n\n\n\n<div class=\"wp-block-column is-vertically-aligned-center is-layout-flow wp-block-column-is-layout-flow\" style=\"flex-basis:10%\"><\/div>\n<\/div>\n\n<div style=\"height:60px\" aria-hidden=\"true\" class=\"wp-block-spacer\"><\/div>\n\n<div class=\"wp-block-columns are-vertically-aligned-center is-layout-flex wp-container-core-columns-is-layout-9d6595d7 wp-block-columns-is-layout-flex\">\n<div class=\"wp-block-column is-vertically-aligned-center is-layout-flow wp-block-column-is-layout-flow\" style=\"flex-basis:10%\"><\/div>\n\n\n\n<div class=\"wp-block-column is-vertically-aligned-center is-layout-flow wp-block-column-is-layout-flow\">\n<h2 class=\"wp-block-heading\">Emancipaci\u00f3<\/h2>\n\n\n\n<figure class=\"wp-block-image size-full\"><img loading=\"lazy\" decoding=\"async\" width=\"800\" height=\"600\" src=\"https:\/\/zoodelpirineu.com\/wp-content\/uploads\/2023\/03\/Lechuza-cazando.jpg\" alt=\"&#xD2;liba comuna practica salt de ratol&#xED;.\" class=\"wp-image-847\" srcset=\"https:\/\/zoodelpirineu.com\/wp-content\/uploads\/2023\/03\/Lechuza-cazando.jpg 800w, https:\/\/zoodelpirineu.com\/wp-content\/uploads\/2023\/03\/Lechuza-cazando-300x225.jpg 300w, https:\/\/zoodelpirineu.com\/wp-content\/uploads\/2023\/03\/Lechuza-cazando-768x576.jpg 768w\" sizes=\"auto, (max-width: 800px) 100vw, 800px\" \/><figcaption class=\"wp-element-caption\">El \u201dsalt de ratol\u00ed\u201d \u00e9s un t\u00e8cnica que cal practicar per tenir \u00e8xit amb la ca\u00e7a de rosegadors.<\/figcaption><\/figure>\n<\/div>\n\n\n\n<div class=\"wp-block-column is-vertically-aligned-center is-layout-flow wp-block-column-is-layout-flow\">\n<p>Amb 31 dies d&#8217;edat les cries comencen practicar la ca\u00e7a. Corren i entrenen el \u00absalt de ratol\u00ed\u00bb. Aix\u00f2 s\u00ed, nom\u00e9s ho fan si l&#8217;espai del costat del niu ho permet.  <\/p>\n\n\n\n<p>A partir del dia 44 fan els seus primers vols, d&#8217;uns 2 metres.<\/p>\n\n\n\n<p>Amb 2 mesos les cries ja poden volar b\u00e9. Un cop els pares s&#8217;asseguren que els joves poden sobreviure sense la seva ajuda, els expulsen del seu territori.<\/p>\n\n\n\n<h4 class=\"wp-block-heading\">Moviment migratori<\/h4>\n\n\n\n<p>Les \u00f2libes joves busquen el seu propi territori. Habitualment troben la seva nova llar en un radi de 50 km. Per\u00f2 tamb\u00e9 s&#8217;han documentat \u00f2libes nascudes a Alemanya que han arribat fins a Espanya.  <\/p>\n<\/div>\n\n\n\n<div class=\"wp-block-column is-vertically-aligned-center is-layout-flow wp-block-column-is-layout-flow\" style=\"flex-basis:10%\"><\/div>\n<\/div>\n\n<div style=\"height:60px\" aria-hidden=\"true\" class=\"wp-block-spacer\"><\/div>\n\n<div class=\"wp-block-columns are-vertically-aligned-center is-layout-flex wp-container-core-columns-is-layout-9d6595d7 wp-block-columns-is-layout-flex\">\n<div class=\"wp-block-column is-vertically-aligned-center is-layout-flow wp-block-column-is-layout-flow\" style=\"flex-basis:10%\"><\/div>\n\n\n\n<div class=\"wp-block-column is-vertically-aligned-center is-layout-flow wp-block-column-is-layout-flow\">\n<h2 class=\"wp-block-heading\">Quants anys pot viure l&#8217;\u00f2liba comuna?<\/h2>\n\n\n\n<figure class=\"wp-block-image size-full\"><img loading=\"lazy\" decoding=\"async\" width=\"800\" height=\"600\" src=\"https:\/\/zoodelpirineu.com\/wp-content\/uploads\/2023\/03\/Lechuza-comun.jpg\" alt=\"&#xF2;liba comuna en estat salvatge\" class=\"wp-image-850\" srcset=\"https:\/\/zoodelpirineu.com\/wp-content\/uploads\/2023\/03\/Lechuza-comun.jpg 800w, https:\/\/zoodelpirineu.com\/wp-content\/uploads\/2023\/03\/Lechuza-comun-300x225.jpg 300w, https:\/\/zoodelpirineu.com\/wp-content\/uploads\/2023\/03\/Lechuza-comun-768x576.jpg 768w\" sizes=\"auto, (max-width: 800px) 100vw, 800px\" \/><figcaption class=\"wp-element-caption\">Sobreviure a la natura no \u00e9s f\u00e0cil.<\/figcaption><\/figure>\n<\/div>\n\n\n\n<div class=\"wp-block-column is-vertically-aligned-center is-layout-flow wp-block-column-is-layout-flow\">\n<h4 class=\"wp-block-heading\">En estat salvatge<\/h4>\n\n\n\n<ul class=\"wp-block-list\">\n<li>Habitualment no viuen m\u00e9s de 4 anys.<\/li>\n\n\n\n<li>Nom\u00e9s el 32% d&#8217;\u00f2libes sobreviuen el primer any.<\/li>\n\n\n\n<li>S&#8217;ha documentat una \u00f2liba comuna de 18 anys a Esc\u00f2cia.<\/li>\n<\/ul>\n\n\n\n<h4 class=\"wp-block-heading\">En captivitat<\/h4>\n\n\n\n<p>Els depredadors en captivitat habitualment poden viure el doble que en estat natural.<\/p>\n\n\n\n<p>Hi ha qui assegura que les \u00f2libes en captivitat poden arribar als 26 anys. Per\u00f2 la nostra experi\u00e8ncia ens mostra que en arribar als 12 anys ja tenen problemes de salut tan greus que no els permeten viure gaire m\u00e9s. <\/p>\n<\/div>\n\n\n\n<div class=\"wp-block-column is-vertically-aligned-center is-layout-flow wp-block-column-is-layout-flow\" style=\"flex-basis:10%\"><\/div>\n<\/div>\n\n<div style=\"height:60px\" aria-hidden=\"true\" class=\"wp-block-spacer\"><\/div>\n\n<div class=\"wp-block-columns are-vertically-aligned-center is-layout-flex wp-container-core-columns-is-layout-9d6595d7 wp-block-columns-is-layout-flex\">\n<div class=\"wp-block-column is-vertically-aligned-center is-layout-flow wp-block-column-is-layout-flow\" style=\"flex-basis:10%\"><\/div>\n\n\n\n<div class=\"wp-block-column is-vertically-aligned-center is-layout-flow wp-block-column-is-layout-flow\">\n<h2 class=\"wp-block-heading\">Depredadors de l&#8217;\u00f2liba comuna<\/h2>\n\n\n\n<figure class=\"wp-block-image size-full\"><img loading=\"lazy\" decoding=\"async\" width=\"800\" height=\"600\" src=\"https:\/\/zoodelpirineu.com\/wp-content\/uploads\/2023\/03\/Crias-de-lechuza-comun-1.jpg\" alt=\"\" class=\"wp-image-870\" srcset=\"https:\/\/zoodelpirineu.com\/wp-content\/uploads\/2023\/03\/Crias-de-lechuza-comun-1.jpg 800w, https:\/\/zoodelpirineu.com\/wp-content\/uploads\/2023\/03\/Crias-de-lechuza-comun-1-300x225.jpg 300w, https:\/\/zoodelpirineu.com\/wp-content\/uploads\/2023\/03\/Crias-de-lechuza-comun-1-768x576.jpg 768w\" sizes=\"auto, (max-width: 800px) 100vw, 800px\" \/><figcaption class=\"wp-element-caption\">L&#8217;\u00f2liba t\u00e9 molts depredadors. La seva estrat\u00e8gia per sobreviure com a esp\u00e8cie \u00e9s comen\u00e7ar a reproduir-se el m\u00e9s aviat possible i tenir moltes cries. <\/figcaption><\/figure>\n<\/div>\n\n\n\n<div class=\"wp-block-column is-vertically-aligned-center is-layout-flow wp-block-column-is-layout-flow\">\n<h4 class=\"wp-block-heading\">Mam\u00edfers<\/h4>\n\n\n\n<ul class=\"wp-block-list\">\n<li>Must\u00e8lids<\/li>\n\n\n\n<li>Gats<\/li>\n\n\n\n<li><a href=\"https:\/\/zoodelpirineu.com\/ca\/blog\/geneta-un-depredador-nocturn\/\" title=\"Geneta, un depredador nocturn\">Genetes<\/a><\/li>\n<\/ul>\n\n\n\n<h4 class=\"wp-block-heading\">Aus<\/h4>\n\n\n\n<ul class=\"wp-block-list\">\n<li>Duc<\/li>\n\n\n\n<li>Gamar\u00fas<\/li>\n\n\n\n<li>Astor<\/li>\n\n\n\n<li>\u00c0guila daurada<\/li>\n<\/ul>\n\n\n\n<h4 class=\"wp-block-heading\">Par\u00e0sits<\/h4>\n\n\n\n<ul class=\"wp-block-list\">\n<li>L&#8217;\u00f2liba comuna \u00e9s molt sensible a par\u00e0sits interns i externs.<\/li>\n<\/ul>\n<\/div>\n\n\n\n<div class=\"wp-block-column is-vertically-aligned-center is-layout-flow wp-block-column-is-layout-flow\" style=\"flex-basis:10%\"><\/div>\n<\/div>\n\n<div style=\"height:60px\" aria-hidden=\"true\" class=\"wp-block-spacer\"><\/div>\n\n<div class=\"wp-block-cover\"><span aria-hidden=\"true\" class=\"wp-block-cover__background has-background-dim\"><\/span><img loading=\"lazy\" decoding=\"async\" width=\"2000\" height=\"800\" class=\"wp-block-cover__image-background wp-image-875\" alt=\"\" src=\"https:\/\/zoodelpirineu.com\/wp-content\/uploads\/2023\/03\/Lechuza-comun-en-pueblos.jpg\" data-object-fit=\"cover\" srcset=\"https:\/\/zoodelpirineu.com\/wp-content\/uploads\/2023\/03\/Lechuza-comun-en-pueblos.jpg 2000w, https:\/\/zoodelpirineu.com\/wp-content\/uploads\/2023\/03\/Lechuza-comun-en-pueblos-300x120.jpg 300w, https:\/\/zoodelpirineu.com\/wp-content\/uploads\/2023\/03\/Lechuza-comun-en-pueblos-1024x410.jpg 1024w, https:\/\/zoodelpirineu.com\/wp-content\/uploads\/2023\/03\/Lechuza-comun-en-pueblos-768x307.jpg 768w, https:\/\/zoodelpirineu.com\/wp-content\/uploads\/2023\/03\/Lechuza-comun-en-pueblos-1536x614.jpg 1536w\" sizes=\"auto, (max-width: 2000px) 100vw, 2000px\" \/><div class=\"wp-block-cover__inner-container is-layout-flow wp-block-cover-is-layout-flow\">\n<p class=\"has-text-align-center has-large-font-size\">Coneix l&#8217;\u00f2liba com\u00fa i ajuda en la seva protecci\u00f3. <br\/>Sense ella, els pobles i camps s&#8217;omplirien de ratolins.<\/p>\n<\/div><\/div>\n","protected":false},"excerpt":{"rendered":"<p>L&#8217;\u00f2liba comuna amb les plomes suaus i el vol silenci\u00f3s protegeix els nostres camps dels ratolins. Coneix aquest animal nocturn excepcional i protegeix-lo. \ud83e\udd89<\/p>\n","protected":false},"author":1,"featured_media":834,"parent":1958,"menu_order":0,"comment_status":"closed","ping_status":"open","template":"","meta":{"om_disable_all_campaigns":false,"_monsterinsights_skip_tracking":false,"_monsterinsights_sitenote_active":false,"_monsterinsights_sitenote_note":"","_monsterinsights_sitenote_category":0,"footnotes":""},"class_list":["post-902","page","type-page","status-publish","has-post-thumbnail"],"aioseo_notices":[],"_links":{"self":[{"href":"https:\/\/zoodelpirineu.com\/ca\/wp-json\/wp\/v2\/pages\/902","targetHints":{"allow":["GET"]}}],"collection":[{"href":"https:\/\/zoodelpirineu.com\/ca\/wp-json\/wp\/v2\/pages"}],"about":[{"href":"https:\/\/zoodelpirineu.com\/ca\/wp-json\/wp\/v2\/types\/page"}],"author":[{"embeddable":true,"href":"https:\/\/zoodelpirineu.com\/ca\/wp-json\/wp\/v2\/users\/1"}],"replies":[{"embeddable":true,"href":"https:\/\/zoodelpirineu.com\/ca\/wp-json\/wp\/v2\/comments?post=902"}],"version-history":[{"count":7,"href":"https:\/\/zoodelpirineu.com\/ca\/wp-json\/wp\/v2\/pages\/902\/revisions"}],"predecessor-version":[{"id":3049,"href":"https:\/\/zoodelpirineu.com\/ca\/wp-json\/wp\/v2\/pages\/902\/revisions\/3049"}],"up":[{"embeddable":true,"href":"https:\/\/zoodelpirineu.com\/ca\/wp-json\/wp\/v2\/pages\/1958"}],"wp:featuredmedia":[{"embeddable":true,"href":"https:\/\/zoodelpirineu.com\/ca\/wp-json\/wp\/v2\/media\/834"}],"wp:attachment":[{"href":"https:\/\/zoodelpirineu.com\/ca\/wp-json\/wp\/v2\/media?parent=902"}],"curies":[{"name":"wp","href":"https:\/\/api.w.org\/{rel}","templated":true}]}}